{"id":1931,"date":"2025-07-07T15:33:46","date_gmt":"2025-07-07T13:33:46","guid":{"rendered":"https:\/\/wolff-kunststoffe.de\/agb\/"},"modified":"2026-01-09T10:52:54","modified_gmt":"2026-01-09T09:52:54","slug":"terms-and-conditions","status":"publish","type":"page","link":"https:\/\/wolff-kunststoffe.de\/en\/terms-and-conditions\/","title":{"rendered":"Terms and conditions"},"content":{"rendered":"<p>[et_pb_section fb_built=&#8221;1&#8243; admin_label=&#8221;Header&#8221; _builder_version=&#8221;4.27.4&#8243; _module_preset=&#8221;default&#8221; use_background_color_gradient=&#8221;on&#8221; background_color_gradient_stops=&#8221;rgba(37,56,93,0.8) 0%|rgba(37,56,93,0.8) 100%&#8221; background_color_gradient_overlays_image=&#8221;on&#8221; background_image=&#8221;https:\/\/wolff-kunststoffe.de\/wp-content\/uploads\/2025\/06\/slider-start-3-1024&#215;396-1.png&#8221; parallax=&#8221;on&#8221; custom_padding=&#8221;150px||150px||true|false&#8221; locked=&#8221;off&#8221; collapsed=&#8221;on&#8221; global_colors_info=&#8221;{}&#8221;][et_pb_row _builder_version=&#8221;4.27.4&#8243; _module_preset=&#8221;default&#8221; width=&#8221;90%&#8221; locked=&#8221;off&#8221; global_colors_info=&#8221;{}&#8221;][et_pb_column type=&#8221;4_4&#8243; _builder_version=&#8221;4.24.1&#8243; _module_preset=&#8221;default&#8221; global_colors_info=&#8221;{}&#8221;][et_pb_text _builder_version=&#8221;4.27.4&#8243; _module_preset=&#8221;da4d06d0-0ace-47fb-8c4c-80163bad5947&#8243; text_text_color=&#8221;#FFFFFF&#8221; text_font_size=&#8221;26px&#8221; text_line_height=&#8221;1.5em&#8221; header_font=&#8221;&#8211;et_global_heading_font||||||||&#8221; header_text_align=&#8221;left&#8221; header_text_color=&#8221;#FFFFFF&#8221; custom_margin=&#8221;||||false|false&#8221; custom_padding=&#8221;||||false|false&#8221; header_text_shadow_style=&#8221;preset3&#8243; header_text_shadow_color=&#8221;#2C2C2C&#8221; locked=&#8221;off&#8221; global_colors_info=&#8221;{}&#8221;]<\/p>\n<h1>AGB<\/h1>\n<p>[\/et_pb_text][\/et_pb_column][\/et_pb_row][\/et_pb_section][et_pb_section fb_built=&#8221;1&#8243; _builder_version=&#8221;4.27.4&#8243; _module_preset=&#8221;default&#8221; global_colors_info=&#8221;{}&#8221;][et_pb_row use_custom_gutter=&#8221;on&#8221; gutter_width=&#8221;2&#8243; make_equal=&#8221;on&#8221; module_class=&#8221;reverse-mobile&#8221; _builder_version=&#8221;4.27.4&#8243; background_enable_color=&#8221;off&#8221; parallax=&#8221;on&#8221; width=&#8221;90%&#8221; width_tablet=&#8221;90%&#8221; width_phone=&#8221;90%&#8221; width_last_edited=&#8221;on|tablet&#8221; max_width_tablet=&#8221;1370px&#8221; max_width_phone=&#8221;1370px&#8221; max_width_last_edited=&#8221;on|phone&#8221; custom_margin=&#8221;||||false|false&#8221; custom_padding=&#8221;23px||40px||false|false&#8221; global_colors_info=&#8221;{}&#8221;][et_pb_column type=&#8221;4_4&#8243; _builder_version=&#8221;4.27.4&#8243; background_enable_color=&#8221;off&#8221; transform_translate_linked__hover=&#8221;off&#8221; custom_padding=&#8221;||10px||false|false&#8221; global_colors_info=&#8221;{}&#8221; transform_styles__hover_enabled=&#8221;on|hover&#8221; transform_scale__hover_enabled=&#8221;on|hover&#8221; transform_translate__hover_enabled=&#8221;on|desktop&#8221; transform_rotate__hover_enabled=&#8221;on|desktop&#8221; transform_skew__hover_enabled=&#8221;on|desktop&#8221; transform_origin__hover_enabled=&#8221;on|desktop&#8221; transform_translate__hover=&#8221;0px|-10px&#8221;][et_pb_text _builder_version=&#8221;4.27.5&#8243; _module_preset=&#8221;28832c04-fdb2-48e8-a44c-46ff262f6793&#8243; header_2_font=&#8221;&#8211;et_global_heading_font||||||||&#8221; header_2_line_height=&#8221;1.4em&#8221; header_3_font=&#8221;&#8211;et_global_heading_font||||||||&#8221; header_3_font_size=&#8221;20px&#8221; header_4_font=&#8221;&#8211;et_global_heading_font||||||||&#8221; width_tablet=&#8221;80%&#8221; width_phone=&#8221;80%&#8221; width_last_edited=&#8221;on|tablet&#8221; module_alignment=&#8221;center&#8221; custom_padding=&#8221;||20px||false|false&#8221; custom_padding_tablet=&#8221;30px||||false|false&#8221; custom_padding_phone=&#8221;30px||||false|false&#8221; custom_padding_last_edited=&#8221;on|phone&#8221; header_2_font_size_tablet=&#8221;38px&#8221; header_2_font_size_phone=&#8221;28px&#8221; header_2_font_size_last_edited=&#8221;on|phone&#8221; global_colors_info=&#8221;{}&#8221;]<\/p>\n<p><strong>Allgemeine Gesch\u00e4ftsbedingungen f\u00fcr den Verkauf der Firma Wolff-Kunststoffe GmbH ( Stand Dezember 2010 )<\/strong><\/p>\n<p>\u00a7 1 Geltungsbereich<br \/>1. Diese Verkaufsbedingungen gelten ausschlie\u00dflich gegen\u00fcber Unternehmern, juristischen Personen des \u00d6ffentlichen Rechts \u00a0 oder \u00d6ffentlich-rechtlichen Sonderverm\u00f6gen im Sinne von \u00a7 310 Absatz 1 BGB. Entgegenstehende oder von unseren Ver kaufsbedingungen abweichende Bedingungen des Bestellers erkennen wir nur an, wenn wir ausdr\u00fccklich schriftlich der Gel tung zustimmen.<br \/>2. Diese Verkaufsbedingungen gelten auch f\u00fcr alle zuk\u00fcnftigen Gesch\u00e4fte mit dem Besteller, soweit es sich um Rechtsge sch\u00e4fte verwandter Art handelt .<\/p>\n<p>\u00a7 2 Angebot und Vertragsabschluss<br \/>1. Gem\u00e4\u00df \u00a0\u00a7 145 BGB sind unsere Angebote freibleibend. Bestellungen auf Grund eines Angebotes, werden innerhalb von 2 Wochen best\u00e4tigt.<\/p>\n<p>\u00a7 4 Preise und Zahlung<br \/>1. Sofern nichts Gegenteiliges schriftlich vereinbart wird, gelten unsere Preise ab Werk ausschlie\u00dflich Verpackung und zuz\u00fcglich Mehrwertsteuer in jeweils g\u00fcltiger H\u00f6he. Kosten der Verpackung werden gesondert in Rechnung gestellt.<br \/>2. Die Zahlung des Kaufpreises hat ausschlie\u00dflich auf die in der Rechnung aufgef\u00fchrten Konten zu erfolgen. Der Abzug von Skonto ist nur in H\u00f6he der getroffenen Vereinbarung und innerhalb der von uns gew\u00e4hrten Skontofrist g\u00fcltig.<br \/>3. F\u00fcr die Berechnung der Fristen bei Zahlungen hinsichtlich der F\u00e4lligkeiten oder Skontogew\u00e4hrung ist ausschlie\u00dflich das Datum unserer Rechnung ma\u00dfgeblich. Die Frist endet mit Eingang der Zahlung auf unserem Bankkonto; bei Scheckzahlun gen mit der Gutschrift der Scheckeinreichung auf unserem Bankkonto.<\/p>\n<p>\u00a7 5 Aufrechnung und Zur\u00fcckbehaltungsrechte <br \/>Dem Besteller steht das Recht zur Aufrechnung nur zu, wenn seine Gegenanspr\u00fcche rechtskr\u00e4ftig festgestellt oder unbe stritten sind. Zur Aus\u00fcbung eines Zur\u00fcckbehaltungsrechts ist der Besteller nur insoweit befugt, als sein Gegenanspruch auf dem gleichen Vertragsverh\u00e4ltnis beruht.<\/p>\n<p>\u00a7 6 Lieferzeit <br \/>Der Beginn der von uns angegebenen Lieferzeit setzt die rechtzeitige und ordnungsgem\u00e4\u00dfe Erf\u00fcllung der Verpflichtungen des Bestellers voraus. Die Einrede des nicht erf\u00fcllten Vertrages bleibt vorbehalten. Kommt der Besteller in Annahmeverzug oder verletzt er schuldhaft sonstige Mitwirkungspflichten, so sind wir berechtigt, den uns insoweit entstehenden Schaden, einschlie\u00dflich etwaiger Mehraufwendungen ersetzt zu verlangen. Weitergehende Anspr\u00fcche bleiben vorbehalten. Sofern vorstehende Voraussetzungen vorliegen, geht die Gefahr eines zuf\u00e4lligen Untergangs oder einer zuf\u00e4lligen Verschlechterung der Kaufsache in dem Zeitpunkt auf den Besteller \u00fcber, in dem dieser in Annahme- oder Schuldnerverzug geraten ist. Weitere gesetzliche Anspr\u00fcche und Rechte des Bestellers wegen eines Lieferverzuges bleiben unber\u00fchrt.<\/p>\n<p>\u00a7 7 Gefahr\u00fcbergang bei Versendung<br \/>1. Mit der Absendung an den Besteller, sp\u00e4testens mit Verlassen des Werks\/Lagers geht die Gefahr des zuf\u00e4lligen Untergangs oder der zuf\u00e4lligen Verschlechterung der Ware auf den Besteller \u00fcber. Dies gilt unabh\u00e4ngig davon, ob die Versendung der Ware vom Erf\u00fcllungsort erfolgt oder wer die Frachtkosten tr\u00e4gt.<\/p>\n<p>\u00a7 8 Eigentumsvorbehalt<br \/>1. Wir behalten uns das Eigentum an der gelieferten Sache bis zur vollst\u00e4ndigen Zahlung s\u00e4mtlicher Forderungen aus dem Liefervertrag vor. Dies gilt auch f\u00fcr alle zuk\u00fcnftigen Lieferungen, auch wenn wir uns nicht stets ausdr\u00fccklich hierauf berufen. Wir sind berechtigt, die Kaufsache zur\u00fcckzunehmen, wenn der Besteller sich vertragswidrig verh\u00e4lt.<br \/>2. Der Besteller ist verpflichtet, solange das Eigentum noch nicht auf ihn \u00fcbergegangen ist, die Kaufsache pfleglich zu behan deln. Solange das Eigentum noch nicht \u00fcbergegangen ist, hat uns der Besteller unverz\u00fcglich schriftlich zu benachrichtigen, wenn der gelieferte Gegenstand gepf\u00e4ndet oder sonstigen Eingriffen Dritter ausgesetzt ist. Soweit der Dritte nicht in der Lage ist, uns die gerichtlichen und au\u00dfergerichtlichen Kosten einer Klage gem\u00e4\u00df \u00a7 771 ZPO zu erstatten, haftet der Besteller f\u00fcr den uns entstandenen Ausfall.<\/p>\n<p>\u00a7 9 Gew\u00e4hrleistung und M\u00e4ngelr\u00fcge<br \/>1. Gew\u00e4hrleistungsrechte des Bestellers setzen voraus, dass dieser seinen nach \u00a7 377 HGB geschuldeten Untersuchungs- und R\u00fcgeobliegenheiten ordnungsgem\u00e4\u00df nachgekommen ist.<br \/>2. M\u00e4ngelanspr\u00fcche verj\u00e4hren in 12 Monaten nach erfolgter Ablieferung der von uns gelieferten Ware bei unserem Besteller<br \/>3. Sollte trotz aller aufgewendeter Sorgfalt die gelieferte Ware einen Mangel aufweisen, der bereits zum Zeitpunkt des Ge fahren\u00fcbergangs vorlag, so werden wir die Ware, vorbehaltlich fristgerechter M\u00e4ngelr\u00fcge nach unserer Wahl nachbessern oder Ersatzware liefern. Es ist uns stets Gelegenheit zur Nacherf\u00fcllung innerhalb angemessener Frist zu geben. R\u00fcckgriff sanspr\u00fcche bleiben von vorstehender Regelung ohne Einschr\u00e4nkung unber\u00fchrt.<br \/>4. Schl\u00e4gt die Nacherf\u00fcllung fehl, kann der Besteller \u00d8 unbeschadet etwaiger Schadensersatzanspr\u00fcche \u00d8 vom Vertrag zu r\u00fccktreten oder die Verg\u00fctung mindern.<\/p>\n<p>\u00a7 10 Sonstiges<br \/>1. Dieser Vertrag und die gesamten Rechtsbeziehungen der Parteien unterliegen dem Recht der Bundesrepublik Deutschland unter Ausschluss des UN-Kaufrechts (CISG).<br \/>2. Erf\u00fcllungsort und ausschlie\u00dflicher Gerichtsstand und f\u00fcr alle Streitigkeiten aus diesem Vertrag ist unser Gesch\u00e4ftssitz, sofern sich aus der Auftragsbest\u00e4tigung nichts anderes ergibt.<br \/>3. Unabh\u00e4ngig von den allgemeinen Verkaufsbedingungen sind schriftlich getroffene Sondervereinbarungen selbstverst\u00e4ndlich g\u00fcltig.<br \/>4. Sollten einzelne Bestimmungen dieses Vertrages unwirksam sein oder werden oder eine L\u00fccke enthalten, so bleiben die \u00fcbrigen Bestimmungen hiervon unber\u00fchrt. Die Parteien verpflichten sich, anstelle der unwirksamen Regelung eine solche gesetzlich zul\u00e4ssige Regelung zu treffen, die dem wirtschaftlichen Zweck der unwirksamen Regelung am n\u00e4chsten kommt, bzw. diese L\u00fccke ausf\u00fcllt.<\/p>\n<p>&nbsp;<\/p>\n<p><strong>Allgemeine Gesch\u00e4ftsbedingungen f\u00fcr den Einkauf der Firma Wolff-Kunststoffe GmbH ( Stand Dezember 2010 )<\/strong><\/p>\n<p>\u00a7 1 Geltungsbereich<br \/>1. Unsere Allgemeinen Einkaufsbedingungen (AEB) gelten ausschlie\u00dflich; entgegenstehende oder abweichende Bedingungen des Lieferanten erkennen wir nur an, wenn wir ihrer Geltung ausdr\u00fccklich zugestimmt haben. Unsere AEB gelten auch dann, wenn wir in Kenntnis entgegenstehender oder abweichender Bedingungen des Lieferanten die Lieferung vorbehaltlos annehmen.<br \/>2. Alle Vereinbarungen, die zwischen uns und dem Lieferanten zwecks Ausf\u00fchrung dieses Vertrages getroffen werden, sind in diesem Vertrag schriftlich niedergelegt.<br \/>3. Unsere AEB gelten nur gegen\u00fcber Unternehmern im Sinne des \u00a7 310 BGB und auch f\u00fcr alle k\u00fcnftigen Gesch\u00e4fte mit dem Lieferanten.<\/p>\n<p>\u00a7 2 Bestellung<br \/>1. Unsere Auftr\u00e4ge sind nur dann g\u00fcltig, wenn sie rechtsverbindlich unterschrieben und schriftlich oder per Fax (auch in elek tronischer Form) erteilt werden. Jeder von uns erteilte Auftrag ist innerhalb von 7 Tagen vom Lieferanten zu best\u00e4tigen. Erfolgt innerhalb der gesetzten Frist keine Best\u00e4tigung, sind wir berechtigt, die Bestellung zu widerrufen. Weicht die Auf tragsbest\u00e4tigung von der Bestellung ab, so sind wir nur gebunden, wenn wir der Abweichung schriftlich zugestimmt haben.<br \/>2. Der Lieferant darf Unterauftr\u00e4ge nur mit unserer Zustimmung erteilen. An Abbildungen, Zeichnungen, Berechnungen, Model len, Mustern und sonstigen Unterlagen behalten wir uns Eigentums- und Urheberrechte vor. Sie d\u00fcrfen Dritten nicht ohne ausdr\u00fcckliche Zustimmung unsererseits zug\u00e4nglich gemacht werden und nur f\u00fcr unsere Bestellung verwendet werden.<\/p>\n<p>\u00a7 3 Preise und Zahlungsbedingungen<br \/>1. Die vereinbarten Preise verstehen sich frei der von uns angegebenen Empfangsstelle einschlie\u00dflich Fracht-, Verpackungs- und Nebenkosten.<br \/>2. Die gesetzliche Mehrwertsteuer ist nicht im Preis enthalten.<br \/>3. Die Rechnung ist f\u00fcr jede Bestellung gesondert nach Lieferung an uns zu senden. Die im Bestellschreiben angegebenen Bestelldaten sind vollst\u00e4ndig auf der Rechnung zu wiederholen.<br \/>4. Wir bezahlen, soweit nicht anders vereinbart ist, den Kaufpreis innerhalb von 14 Tagen, gerechnet ab Lieferung und Rech nungserhalt mit 3% Skonto oder innerhalb von 30 Tagen nach Rechnungseingang netto. Voraussetzung f\u00fcr die Zahlung ist der ordnungsgem\u00e4\u00dfe Eingang der Ware.<br \/>5. Aufrechnungs- und Zur\u00fcckbehaltungsrechte stehen uns im gesetzlichen Umfang zu.<\/p>\n<p>\u00a7 4 Lieferung<br \/>1. Jeder Sendung ist ein Lieferschein beizuf\u00fcgen, auf dem die Bestell- und Kommissionsnummer anzugeben ist<br \/>2. Vereinbarte Liefertermine und \u00d8fristen sind verbindlich.<br \/>3. Der Lieferant hat uns unverz\u00fcglich davon in Kenntnis zu setzen, wenn Lieferverz\u00f6gerungen drohen, die zu einer Beeintr\u00e4chti gung der Lieferung in zeitlicher oder qualitativer Hinsicht f\u00fchren k\u00f6nnten. Unabh\u00e4ngig davon hat der Lieferant alle durch schuldhaft versp\u00e4tete Lieferungen und Leistungen entstandene Mehrkosten zu ersetzen. Jegliche durch den Lieferanten verschuldete Kosten wie Eilfracht-, Express-, Telefon- oder Faxgeb\u00fchren usw. gehen zu Lasten des Lieferanten. Im \u00dcbrigen behalten wir uns vor, Schadensersatz zu verlangen und\/oder vom Vertrag zur\u00fcck zu treten. F\u00fcr die Rechtzeitigkeit von Lieferungen oder Nacherf\u00fcllungen kommt es auf den Eingang bei der von uns angegebenen Empfangsstelle, f\u00fcr Recht zeitigkeit von Lieferungen mit Aufstellung oder Montage sowie von Leistungen auf deren Abnahme an.<br \/>4. Die Annahme der versp\u00e4teten Lieferung oder Leistung enth\u00e4lt keinen Verzicht auf Ersatzanspr\u00fcche oder das R\u00fccktrittsrecht.<\/p>\n<p>\u00a7 5 Gefahren\u00fcbergang<br \/>1. Die Gefahr geht auf uns \u00fcber, wenn die Lieferung am Erf\u00fcllungsort ordnungsgem\u00e4\u00df \u00fcbergeben und abgenommen worden ist.<br \/>2. Die Gefahr der Versendung tr\u00e4gt der Lieferant.<\/p>\n<p>\u00a7 6 M\u00e4ngelanspr\u00fcche<br \/>1. Wir werden unverz\u00fcglich nach Eingang der Lieferung pr\u00fcfen, ob sie der bestellten Menge und dem bestellten Typ entsprech en, ob \u00e4u\u00dferlich erkennbare Transportsch\u00e4den oder \u00e4u\u00dferlich erkennbare Fehler vorliegen.<br \/>2. Entdecken wir bei den vorgenannten Pr\u00fcfungen eine Mangel, werden wir diesen dem Lieferanten innerhalb von 7 Tagen an zeigen. Entdecken wir erst bei der Be- oder Verarbeitung oder Ingebrauchnahme einen Mangel, werden wir diese M\u00e4ngel r\u00fcge innerhalb 7 Tagen seit ihrer Feststellung ebenfalls anzeigen.<br \/>3. Uns obliegen gegen\u00fcber dem Lieferanten keine weitergehenden als die vorstehenden Pr\u00fcfungen und Anzeigen.<br \/>4. Ungeachtet des sofortigen R\u00fccktrittsrechts sind wir nach unserer Wahl zun\u00e4chst berechtigt, vom Lieferanten Ersatzlieferung oder Beseitigung des Mangels zu verlangen. Der Lieferant darf die von uns gew\u00e4hlte Form der Nacherf\u00fcllung erst dann wegen unverh\u00e4ltnism\u00e4\u00dfiger Kosten verweigern, wenn die Kosten hierf\u00fcr den Warenwert in mangelfreiem Zustand \u00fcberstei gen w\u00fcrden.<br \/>5. Bei Fehlschlagen der Nacherf\u00fcllung sind wir zum sofortigen R\u00fccktritt berechtigt. Die Nacherf\u00fcllung gilt bereits bei einem erfolglosen Versuch als fehlgeschlagen.<br \/>6. Das Recht auf Schadensersatz bleibt ausdr\u00fccklich vorbehalten. Haftungsfreizeichnungen des Lieferanten sind nicht zul\u00e4s sig.<br \/>7. Wir sind berechtigt, auf Kosten des Lieferanten die Mangelbeseitigung selbst vorzunehmen oder vornehmen zu lassen oder Deckungsk\u00e4ufe zu t\u00e4tigen, wenn Gefahr in Verzug ist oder besondere Eilbed\u00fcrftigkeit besteht.<br \/>8. Die Verj\u00e4hrungsfrist betr\u00e4gt 24 Monate, gerechnet ab Ablieferung der Sache. Sie verl\u00e4ngert sich um die Zeit, w\u00e4hrend der der Leistungsgegenstand wegen Vorliegens von M\u00e4ngel nicht genutzt werden kann.<br \/>9. Unser Rechte aus \u00a7 478, 479 BGB gelten uneingeschr\u00e4nkt.<\/p>\n<p>\u00a7 7 Produkthaftungsfreistellung<br \/>1. Soweit der Lieferant f\u00fcr einen Produktschaden verantwortlich ist, ist er verpflichtet, uns insoweit von Schadensersatz anspr\u00fcchen Dritter auf erstes Anfordern freizustellen, als die Ursache in seinem Herrschaft- und Organisationsbereich ge setzt ist und er im Au\u00dfenbereich selbst haftet.<br \/>2. Im Rahmen seiner Haftung f\u00fcr Schadensf\u00e4lle im Sinne der Ziffer 1 ist der Lieferant verpflichtet, uns etwaige Aufwendungen zu erstatten, die sich im Zusammenhang mit einer von uns durchgef\u00fchrten R\u00fcckrufaktion ergeben.<br \/>3. Der Lieferant verpflichtet sich, eine Produkthaftpflichtversicherung f\u00fcr Personen- und Sachschaden zu unterhalten.<\/p>\n<p>\u00a7 8 Materialbeistellungen<br \/>1. Materialbeistellungen bleiben unser Eigenturm und sind unentgeltlich getrennt zu lagern, zu bezeichnen und zu verwalten. Ihre Verwendung ist nur f\u00fcr unsere Auftr\u00e4ge zul\u00e4ssig. Bei schuldhafter Wertminderung oder Verlust ist vom Lieferanten Ersatz zu leisten, wobei der Auftragnehmer auch einfache Fahrl\u00e4ssigkeit zu vertreten hat.<br \/>2. Verarbeitung oder Umbildung des Materials erfolgt f\u00fcr uns. Wir werden unmittelbar Eigent\u00fcmer der neuen oder umgebilde ten Sache. Sollte dies aus rechtlichen Gr\u00fcnden nicht m\u00f6glich sein, so sind wir und der Auftragnehmer dar\u00fcber einig, dass wir in jedem Zeitpunkt der Verarbeitung oder Umbildung, Eigent\u00fcmer der neuen Sache werden. Der Lieferant verwahrt die neue Sache unentgeltlich f\u00fcr uns mit der Sorgfalt eines ordentlichen Kaufmannes.<\/p>\n<p>\u00a7 9 Werkzeuge, Formen, Muster, Geheimhaltung<br \/>1. Von uns \u00fcberlassene Werkzeuge, Formen, Muster, Modelle, Profile, Zeichnungen, Normenbl\u00e4tter, Druckvorlagen und Lehren d\u00fcrfen ebenso wie danach hergestellte Gegenst\u00e4nde ohne unsere schriftliche Einwilligung weder an Dritte weitergegeben, noch f\u00fcr andere als die vertraglichen Zwecke benutzt werden. Sie sind gegen unbefugte Einsichtnahme oder Verwendung zu sichern. Vorbehaltlich weiterer Rechte k\u00f6nnen wir ihre Herausgabe verlangen, wenn der Lieferant diese Pflichten verletzt.<br \/>2. Von uns erlangte Informationen wird der Lieferant, soweit sie nicht allgemein oder ihm auf andere Weise rechtm\u00e4\u00dfig bekannt sind, Dritten nicht zug\u00e4nglich machen. Soweit wir einer Weitergabe von Auftr\u00e4gen an Dritte zugestimmt haben, sind diese entsprechend schriftlich auf Geheimhaltung zu verpflichten.<\/p>\n<p>\u00a7 10 Forderungsabtretung<br \/>1. Forderungsabtretung ist nur mit unserer vorherigen schriftlichen Zustimmung zul\u00e4ssig. Im \u00dcbrigen ist eine Abtretung der Anspr\u00fcche des Lieferanten gegen uns unzul\u00e4ssig.<\/p>\n<p>\u00a7 11 Zahlungsunf\u00e4higkeit\/Insolvenz des Lieferanten<br \/>1. Wird \u00fcber das Verm\u00f6gen des Lieferanten das Insolvenzverfahren er\u00f6ffnet oder die Er\u00f6ffnung mangels Masse abgelehnt, so sind wir berechtigt, ganz oder teilweise vom Vertrag zur\u00fcckzutreten oder den Vertrag zu k\u00fcndigen.<\/p>\n<p>\u00a7 12 Erf\u00fcllungsort und Gerichtsstand<br \/>1. Alleiniger Erf\u00fcllungsort und Gerichtsstand ist bei allen uns mittelbar oder unmittelbar sich ergebenden Streitigkeiten, M\u00f6rlenbach.<br \/>2. Es findet deutsches Recht Anwendung. Im \u00fcbrigen ist der deutsche Text unserer Allgemeinen Gesch\u00f6ftsbedingungen allein ma\u00dfgeblich. Die Anwendung des \u00dcbereinkommens der Vereinten Nationen \u00fcber Vertr\u00e4ge \u00fcber den internationalen Waren kauf ( CISG ) ist ausgeschlossen.<\/p>\n<p>[\/et_pb_text][\/et_pb_column][\/et_pb_row][\/et_pb_section][et_pb_section fb_built=&#8221;1&#8243; _builder_version=&#8221;4.27.4&#8243; _module_preset=&#8221;default&#8221; background_color=&#8221;#25385D&#8221; custom_padding=&#8221;||30px||false|false&#8221; saved_tabs=&#8221;all&#8221; global_colors_info=&#8221;{}&#8221; global_module=&#8221;2125&#8243; theme_builder_area=&#8221;post_content&#8221;][et_pb_row column_structure=&#8221;1_3,1_3,1_3&#8243; _builder_version=&#8221;4.27.4&#8243; _module_preset=&#8221;default&#8221; custom_margin=&#8221;0px||0px||false|false&#8221; custom_padding=&#8221;0px||0px||false|false&#8221; global_colors_info=&#8221;{}&#8221; link_text_color__hover=&#8221;#277D86&#8243; link_text_color__hover_enabled=&#8221;on|hover&#8221; theme_builder_area=&#8221;post_content&#8221;][et_pb_column type=&#8221;1_3&#8243; _builder_version=&#8221;4.17.3&#8243; _module_preset=&#8221;default&#8221; global_colors_info=&#8221;{}&#8221; theme_builder_area=&#8221;post_content&#8221;][et_pb_image src=&#8221;https:\/\/wolff-kunststoffe.de\/wp-content\/uploads\/2025\/06\/footer-logo.png&#8221; title_text=&#8221;footer-logo&#8221; url=&#8221;#&#8221; _builder_version=&#8221;4.27.4&#8243; _module_preset=&#8221;default&#8221; width=&#8221;250px&#8221; custom_margin=&#8221;||30px||false|false&#8221; global_colors_info=&#8221;{}&#8221; theme_builder_area=&#8221;post_content&#8221;][\/et_pb_image][et_pb_text _builder_version=&#8221;4.27.5&#8243; _module_preset=&#8221;default&#8221; text_text_color=&#8221;#FFFFFF&#8221; header_2_text_color=&#8221;#FFFFFF&#8221; custom_margin=&#8221;||20px||false|false&#8221; global_colors_info=&#8221;{}&#8221; theme_builder_area=&#8221;post_content&#8221;]<\/p>\n<h2>Address<\/h2>\n<p><strong>WOLFF Kunststoffe GmbH<\/strong><br \/>\nIndustriestra\u00dfe 28<br \/>\n69509 M\u00f6rlenbach<br \/>\nGermany[\/et_pb_text][\/et_pb_column][et_pb_column type=&#8221;1_3&#8243; _builder_version=&#8221;4.17.3&#8243; _module_preset=&#8221;default&#8221; global_colors_info=&#8221;{}&#8221; theme_builder_area=&#8221;post_content&#8221;][et_pb_text _builder_version=&#8221;4.27.5&#8243; _module_preset=&#8221;default&#8221; text_text_color=&#8221;#FFFFFF&#8221; link_text_color=&#8221;#FFFFFF&#8221; ul_text_color=&#8221;#FFFFFF&#8221; header_3_text_color=&#8221;#FFFFFF&#8221; header_3_line_height=&#8221;1.4em&#8221; header_4_text_color=&#8221;#75bac9&#8243; custom_margin=&#8221;||15px||false|false&#8221; global_colors_info=&#8221;{}&#8221; link_text_color__hover_enabled=&#8221;on|hover&#8221; link_text_color__hover=&#8221;#F5F3EF&#8221; theme_builder_area=&#8221;post_content&#8221;]<\/p>\n<h3>Information<\/h3>\n<ul>\n<li><a href=\"https:\/\/wolff-kunststoffe.de\/en\/legal-notice\/\">Imprint<\/a><\/li>\n<li><a href=\"https:\/\/wolff-kunststoffe.de\/en\/data-protection\/\">Privacy Policy<\/a><\/li>\n<li><a href=\"https:\/\/wolff-kunststoffe.de\/en\/terms-and-conditions\/\">Terms and Conditions<\/a><\/li>\n<li><a href=\"https:\/\/wolff-kunststoffe.de\/en\/career\/\">Careers<\/a><\/li>\n<li><a href=\"https:\/\/wolff-kunststoffe.de\/en\/downloads\/\">Downloads<\/a><\/li>\n<li><a href=\"https:\/\/wolff-kunststoffe.de\/en\/contact\/\">Contact<\/a><\/li>\n<\/ul>\n<p>[\/et_pb_text][\/et_pb_column][et_pb_column type=&#8221;1_3&#8243; _builder_version=&#8221;4.17.3&#8243; _module_preset=&#8221;default&#8221; global_colors_info=&#8221;{}&#8221; theme_builder_area=&#8221;post_content&#8221;][et_pb_text _builder_version=&#8221;4.27.5&#8243; _module_preset=&#8221;default&#8221; text_text_color=&#8221;#FFFFFF&#8221; link_text_color=&#8221;#FFFFFF&#8221; ul_text_color=&#8221;#FFFFFF&#8221; header_3_text_color=&#8221;#FFFFFF&#8221; header_3_line_height=&#8221;1.4em&#8221; header_4_text_color=&#8221;#75bac9&#8243; custom_margin=&#8221;||15px||false|false&#8221; global_colors_info=&#8221;{}&#8221; link_text_color__hover_enabled=&#8221;on|hover&#8221; link_text_color__hover=&#8221;#F5F3EF&#8221; theme_builder_area=&#8221;post_content&#8221;]<\/p>\n<h3>Products<\/h3>\n<ul>\n<li><a href=\"https:\/\/wolff-kunststoffe.de\/en\/custom-made-polyurethane-molded-parts-durable-flexible-precise\/\">Polyurethane (PU\/PUR) molded parts<\/a><\/li>\n<li><a href=\"https:\/\/wolff-kunststoffe.de\/en\/polyurethane-rollers-and-wheels\/\">Polyurethane rollers and wheels<\/a><\/li>\n<li><a href=\"https:\/\/wolff-kunststoffe.de\/en\/plates-strips-and-cutting-strips\/\">Polyurethane plates, strips, and cutting strips<\/a><\/li>\n<li><a href=\"\/en\/product-overview\/latex-diving-gear\/\">Latex diving gear<\/a><\/li>\n<li><a href=\"https:\/\/wolff-kunststoffe.de\/en\/conform-med-air-cushion-systems\/\">CONFORM\u00ae Med. air cushion systems<\/a><\/li>\n<\/ul>\n<p>[\/et_pb_text][\/et_pb_column][\/et_pb_row][et_pb_row column_structure=&#8221;1_3,1_3,1_3&#8243; _builder_version=&#8221;4.27.4&#8243; _module_preset=&#8221;default&#8221; background_enable_color=&#8221;off&#8221; custom_margin=&#8221;||30px||false|false&#8221; custom_padding=&#8221;20px|20px|20px|20px|false|false&#8221; border_radii=&#8221;on|10px|10px|10px|10px&#8221; global_colors_info=&#8221;{}&#8221; link_text_color__hover=&#8221;#277D86&#8243; link_text_color__hover_enabled=&#8221;on|hover&#8221; theme_builder_area=&#8221;post_content&#8221;][et_pb_column type=&#8221;1_3&#8243; _builder_version=&#8221;4.17.3&#8243; _module_preset=&#8221;default&#8221; global_colors_info=&#8221;{}&#8221; theme_builder_area=&#8221;post_content&#8221;][et_pb_blurb title=&#8221;+49 6209 72000 &#8221; url=&#8221;tel:+49620972000%20&#8243; use_icon=&#8221;on&#8221; font_icon=&#8221;&#xf879;||fa||900&#8243; icon_color=&#8221;#FFFFFF&#8221; icon_placement=&#8221;left&#8221; image_icon_width=&#8221;20px&#8221; _builder_version=&#8221;4.27.5&#8243; _module_preset=&#8221;default&#8221; header_level=&#8221;h3&#8243; header_font=&#8221;&#8211;et_global_body_font||||||||&#8221; header_text_color=&#8221;#FFFFFF&#8221; header_font_size=&#8221;18px&#8221; custom_margin=&#8221;||10px||false|false&#8221; global_colors_info=&#8221;{}&#8221; theme_builder_area=&#8221;post_content&#8221;][\/et_pb_blurb][\/et_pb_column][et_pb_column type=&#8221;1_3&#8243; _builder_version=&#8221;4.17.3&#8243; _module_preset=&#8221;default&#8221; global_colors_info=&#8221;{}&#8221; theme_builder_area=&#8221;post_content&#8221;][et_pb_blurb title=&#8221;info@wolff-kunststoffe.de&#8221; url=&#8221;mailto:info@wolff-kunststoffe.de&#8221; use_icon=&#8221;on&#8221; font_icon=&#8221;&#xe076;||divi||400&#8243; icon_color=&#8221;#FFFFFF&#8221; icon_placement=&#8221;left&#8221; image_icon_width=&#8221;20px&#8221; _builder_version=&#8221;4.27.4&#8243; _module_preset=&#8221;default&#8221; header_level=&#8221;h3&#8243; header_font=&#8221;&#8211;et_global_body_font||||||||&#8221; header_text_color=&#8221;#FFFFFF&#8221; header_font_size=&#8221;18px&#8221; custom_margin=&#8221;||10px||false|false&#8221; global_colors_info=&#8221;{}&#8221; theme_builder_area=&#8221;post_content&#8221;][\/et_pb_blurb][\/et_pb_column][et_pb_column type=&#8221;1_3&#8243; _builder_version=&#8221;4.17.3&#8243; _module_preset=&#8221;default&#8221; global_colors_info=&#8221;{}&#8221; theme_builder_area=&#8221;post_content&#8221;][et_pb_button button_url=&#8221;https:\/\/wolff-kunststoffe.de\/en\/contact\/&#8221; button_text=&#8221;Request consultation&#8221; button_alignment=&#8221;left&#8221; _builder_version=&#8221;4.27.5&#8243; _module_preset=&#8221;default&#8221; custom_button=&#8221;on&#8221; button_text_size=&#8221;22px&#8221; button_text_color=&#8221;#FFFFFF&#8221; button_bg_color=&#8221;#6A9A00&#8243; button_font=&#8221;&#8211;et_global_body_font||||||||&#8221; button_icon=&#8221;&#xf133;||fa||900&#8243; button_icon_placement=&#8221;left&#8221; button_on_hover=&#8221;off&#8221; button_text_size_tablet=&#8221;22px&#8221; button_text_size_phone=&#8221;16px&#8221; button_text_size_last_edited=&#8221;on|phone&#8221; global_colors_info=&#8221;{}&#8221; button_text_color__hover_enabled=&#8221;on|desktop&#8221; button_text_color__hover=&#8221;#25385D&#8221; button_text_size__hover=&#8221;22px&#8221; button_text_size__hover_enabled=&#8221;off|desktop&#8221; button_bg_color__hover_enabled=&#8221;on|hover&#8221; button_bg_color__hover=&#8221;#FFFFFF&#8221; button_bg_enable_color__hover=&#8221;on&#8221; theme_builder_area=&#8221;post_content&#8221;][\/et_pb_button][\/et_pb_column][\/et_pb_row][et_pb_row column_structure=&#8221;1_3,1_3,1_3&#8243; _builder_version=&#8221;4.27.5&#8243; _module_preset=&#8221;default&#8221; background_enable_color=&#8221;off&#8221; custom_margin=&#8221;||30px||false|false&#8221; custom_padding=&#8221;0px|20px|0px|20px|false|false&#8221; border_radii=&#8221;on|10px|10px|10px|10px&#8221; global_colors_info=&#8221;{}&#8221; link_text_color__hover=&#8221;#277D86&#8243; link_text_color__hover_enabled=&#8221;on|hover&#8221; theme_builder_area=&#8221;post_content&#8221;][et_pb_column type=&#8221;1_3&#8243; _builder_version=&#8221;4.17.3&#8243; _module_preset=&#8221;default&#8221; global_colors_info=&#8221;{}&#8221; theme_builder_area=&#8221;post_content&#8221;][et_pb_code _builder_version=&#8221;4.27.5&#8243; _module_preset=&#8221;default&#8221; global_colors_info=&#8221;{}&#8221; theme_builder_area=&#8221;post_content&#8221;]<\/p>\n<div class=\"footer-cookie-container\" style=\"display: inline-block;\"><!-- [et_pb_line_break_holder] -->    <a href=\"#\" <!-- [et_pb_line_break_holder] -->       id=&#8221;open-cookie-settings&#8221; <!-- [et_pb_line_break_holder] -->       style=&#8221;color: #ffffff !important; <!-- [et_pb_line_break_holder] -->              text-decoration: none !important; <!-- [et_pb_line_break_holder] -->              font-size: 14px !important; <!-- [et_pb_line_break_holder] -->              font-family: inherit !important; <!-- [et_pb_line_break_holder] -->              cursor: pointer !important; <!-- [et_pb_line_break_holder] -->              display: inline-block !important; <!-- [et_pb_line_break_holder] -->              opacity: 1 !important;<!-- [et_pb_line_break_holder] -->              transition: opacity 0.3s ease;&#8221;><!-- [et_pb_line_break_holder] -->       Cookie Settings<!-- [et_pb_line_break_holder] -->    <\/a><!-- [et_pb_line_break_holder] --><\/div>\n<p><!-- [et_pb_line_break_holder] --><!-- [et_pb_line_break_holder] --><\/p>\n<style><!-- [et_pb_line_break_holder] -->    \/* Hover-Effekt f\u00fcr bessere Nutzerf\u00fchrung *\/<!-- [et_pb_line_break_holder] -->    #open-cookie-settings:hover {<!-- [et_pb_line_break_holder] -->        opacity: 0.7 !important;<!-- [et_pb_line_break_holder] -->        text-decoration: underline !important;<!-- [et_pb_line_break_holder] -->    }<!-- [et_pb_line_break_holder] --><\/style>\n<p><!-- [et_pb_line_break_holder] --><!-- [et_pb_line_break_holder] --><script><!-- [et_pb_line_break_holder] -->(function() {<!-- [et_pb_line_break_holder] -->    \/\/ Funktion zum \u00d6ffnen des Usercentrics-Banners<!-- [et_pb_line_break_holder] -->    function openUC(e) {<!-- [et_pb_line_break_holder] -->        if (e) e.preventDefault();<!-- [et_pb_line_break_holder] -->        <!-- [et_pb_line_break_holder] -->        if (typeof UC_UI !== 'undefined' && typeof UC_UI.showSecondLayer === 'function') {<!-- [et_pb_line_break_holder] -->            UC_UI.showSecondLayer();<!-- [et_pb_line_break_holder] -->        } else {<!-- [et_pb_line_break_holder] -->            \/\/ Hinweis, falls das Skript im Divi Builder (wegen Facebook-Fix) pausiert<!-- [et_pb_line_break_holder] -->            console.log(\"Usercentrics CMP is not loaded in the Builder or still initializing.\");<!-- [et_pb_line_break_holder] -->            \/\/ Optional: Ein kleiner Hinweis f\u00fcr dich als Admin<!-- [et_pb_line_break_holder] -->            if (window.location.href.indexOf('et_fb=1') === -1) {<!-- [et_pb_line_break_holder] -->                alert(\"Loading Cookie Settings... Please try again in a second.\");<!-- [et_pb_line_break_holder] -->            }<!-- [et_pb_line_break_holder] -->        }<!-- [et_pb_line_break_holder] -->    }<!-- [et_pb_line_break_holder] --><!-- [et_pb_line_break_holder] -->    \/\/ Sicherstellen, dass der Link die Funktion erh\u00e4lt, sobald er geladen ist<!-- [et_pb_line_break_holder] -->    var timerCount = 0;<!-- [et_pb_line_break_holder] -->    var waitForLink = setInterval(function() {<!-- [et_pb_line_break_holder] -->        var link = document.getElementById('open-cookie-settings');<!-- [et_pb_line_break_holder] -->        timerCount++;<!-- [et_pb_line_break_holder] --><!-- [et_pb_line_break_holder] -->        if (link) {<!-- [et_pb_line_break_holder] -->            link.onclick = openUC;<!-- [et_pb_line_break_holder] -->            clearInterval(waitForLink);<!-- [et_pb_line_break_holder] -->        }<!-- [et_pb_line_break_holder] -->        <!-- [et_pb_line_break_holder] -->        \/\/ Nach 10 Sekunden Suche aufh\u00f6ren (Sicherheit)<!-- [et_pb_line_break_holder] -->        if (timerCount > 20) clearInterval(waitForLink);<!-- [et_pb_line_break_holder] -->    }, 500);<!-- [et_pb_line_break_holder] -->})();<!-- [et_pb_line_break_holder] --><\/script>[\/et_pb_code][\/et_pb_column][et_pb_column type=&#8221;1_3&#8243; _builder_version=&#8221;4.17.3&#8243; _module_preset=&#8221;default&#8221; global_colors_info=&#8221;{}&#8221; theme_builder_area=&#8221;post_content&#8221;][\/et_pb_column][et_pb_column type=&#8221;1_3&#8243; _builder_version=&#8221;4.17.3&#8243; _module_preset=&#8221;default&#8221; global_colors_info=&#8221;{}&#8221; theme_builder_area=&#8221;post_content&#8221;][\/et_pb_column][\/et_pb_row][\/et_pb_section]<\/p>\n","protected":false},"excerpt":{"rendered":"<p>AGBAllgemeine Gesch\u00e4ftsbedingungen f\u00fcr den Verkauf der Firma Wolff-Kunststoffe GmbH ( Stand Dezember 2010 ) \u00a7 1 Geltungsbereich1. Diese Verkaufsbedingungen gelten ausschlie\u00dflich gegen\u00fcber Unternehmern, juristischen Personen des \u00d6ffentlichen Rechts \u00a0 oder \u00d6ffentlich-rechtlichen Sonderverm\u00f6gen im Sinne von \u00a7 310 Absatz 1 BGB. Entgegenstehende oder von unseren Ver kaufsbedingungen abweichende Bedingungen des Bestellers erkennen wir nur an, wenn [&hellip;]<\/p>\n","protected":false},"author":1,"featured_media":0,"parent":0,"menu_order":0,"comment_status":"closed","ping_status":"closed","template":"","meta":{"_et_pb_use_builder":"on","_et_pb_old_content":"[et_pb_section fb_built=\"1\" admin_label=\"Header\" _builder_version=\"4.27.4\" _module_preset=\"default\" use_background_color_gradient=\"on\" background_color_gradient_stops=\"rgba(37,56,93,0.8) 0%|rgba(37,56,93,0.8) 100%\" background_color_gradient_overlays_image=\"on\" background_image=\"https:\/\/wolff-kunststoffe.de\/wp-content\/uploads\/2025\/06\/slider-start-3-1024x396-1.png\" parallax=\"on\" custom_padding=\"150px||150px||true|false\" locked=\"off\" collapsed=\"on\" global_colors_info=\"{}\"][et_pb_row _builder_version=\"4.27.4\" _module_preset=\"default\" width=\"90%\" locked=\"off\" global_colors_info=\"{}\"][et_pb_column type=\"4_4\" _builder_version=\"4.24.1\" _module_preset=\"default\" global_colors_info=\"{}\"][et_pb_text _builder_version=\"4.27.4\" _module_preset=\"da4d06d0-0ace-47fb-8c4c-80163bad5947\" text_text_color=\"#FFFFFF\" text_font_size=\"26px\" text_line_height=\"1.5em\" header_font=\"--et_global_heading_font||||||||\" header_text_align=\"left\" header_text_color=\"#FFFFFF\" custom_margin=\"||||false|false\" custom_padding=\"||||false|false\" header_text_shadow_style=\"preset3\" header_text_shadow_color=\"#2C2C2C\" locked=\"off\" global_colors_info=\"{}\"]<h1>Impressum<\/h1>[\/et_pb_text][\/et_pb_column][\/et_pb_row][\/et_pb_section][et_pb_section fb_built=\"1\" _builder_version=\"4.27.4\" _module_preset=\"default\" global_colors_info=\"{}\"][et_pb_row use_custom_gutter=\"on\" gutter_width=\"2\" make_equal=\"on\" module_class=\"reverse-mobile\" _builder_version=\"4.27.4\" background_enable_color=\"off\" parallax=\"on\" width=\"90%\" width_tablet=\"90%\" width_phone=\"90%\" width_last_edited=\"on|tablet\" max_width_tablet=\"1370px\" max_width_phone=\"1370px\" max_width_last_edited=\"on|phone\" custom_margin=\"||||false|false\" custom_padding=\"23px||40px||false|false\" global_colors_info=\"{}\"][et_pb_column type=\"4_4\" _builder_version=\"4.27.4\" background_enable_color=\"off\" transform_translate_linked__hover=\"off\" custom_padding=\"||10px||false|false\" global_colors_info=\"{}\" transform_styles__hover_enabled=\"on|hover\" transform_scale__hover_enabled=\"on|hover\" transform_translate__hover_enabled=\"on|desktop\" transform_rotate__hover_enabled=\"on|desktop\" transform_skew__hover_enabled=\"on|desktop\" transform_origin__hover_enabled=\"on|desktop\" transform_translate__hover=\"0px|-10px\"][et_pb_text _builder_version=\"4.27.4\" _module_preset=\"28832c04-fdb2-48e8-a44c-46ff262f6793\" header_2_font=\"--et_global_heading_font||||||||\" header_2_line_height=\"1.4em\" width_tablet=\"80%\" width_phone=\"80%\" width_last_edited=\"on|tablet\" module_alignment=\"center\" custom_padding=\"||20px||false|false\" custom_padding_tablet=\"30px||||false|false\" custom_padding_phone=\"30px||||false|false\" custom_padding_last_edited=\"on|phone\" hover_enabled=\"0\" header_2_font_size_tablet=\"38px\" header_2_font_size_phone=\"28px\" header_2_font_size_last_edited=\"on|phone\" global_colors_info=\"{}\" sticky_enabled=\"0\" header_3_font=\"--et_global_heading_font||||||||\" header_4_font=\"--et_global_heading_font||||||||\" header_3_font_size=\"20px\"]<h1>Datenschutz\u00aderkl\u00e4rung<\/h1>\n<h2>1. Datenschutz auf einen Blick<\/h2>\n<h3>Allgemeine Hinweise<\/h3>\n<p>Die folgenden Hinweise geben einen einfachen \u00dcberblick dar\u00fcber, was mit Ihren personenbezogenen Daten passiert, wenn Sie diese Website besuchen. Personenbezogene Daten sind alle Daten, mit denen Sie pers\u00f6nlich identifiziert werden k\u00f6nnen. Ausf\u00fchrliche Informationen zum Thema Datenschutz entnehmen Sie unserer unter diesem Text aufgef\u00fchrten Datenschutzerkl\u00e4rung.<\/p>\n<h3>Datenerfassung auf dieser Website<\/h3>\n<h4>Wer ist verantwortlich f\u00fcr die Datenerfassung auf dieser Website?<\/h4>\n<p>Die Datenverarbeitung auf dieser Website erfolgt durch den Websitebetreiber. Dessen Kontaktdaten k\u00f6nnen Sie dem Abschnitt \u201eHinweis zur Verantwortlichen Stelle\u201c in dieser Datenschutzerkl\u00e4rung entnehmen.<\/p>\n<h4>Wie erfassen wir Ihre Daten?<\/h4>\n<p>Ihre Daten werden zum einen dadurch erhoben, dass Sie uns diese mitteilen. Hierbei kann es sich z.\u00a0B. um Daten handeln, die Sie in ein Kontaktformular eingeben.<\/p>\n<p>Andere Daten werden automatisch oder nach Ihrer Einwilligung beim Besuch der Website durch unsere IT-Systeme erfasst. Das sind vor allem technische Daten (z.\u00a0B. Internetbrowser, Betriebssystem oder Uhrzeit des Seitenaufrufs). Die Erfassung dieser Daten erfolgt automatisch, sobald Sie diese Website betreten.<\/p>\n<h4>Wof\u00fcr nutzen wir Ihre Daten?<\/h4>\n<p>Ein Teil der Daten wird erhoben, um eine fehlerfreie Bereitstellung der Website zu gew\u00e4hrleisten. Andere Daten k\u00f6nnen zur Analyse Ihres Nutzerverhaltens verwendet werden. Sofern \u00fcber die Website Vertr\u00e4ge geschlossen oder angebahnt werden k\u00f6nnen, werden die \u00fcbermittelten Daten auch f\u00fcr Vertragsangebote, Bestellungen oder sonstige Auftragsanfragen verarbeitet.<\/p>\n<h4>Welche Rechte haben Sie bez\u00fcglich Ihrer Daten?<\/h4>\n<p>Sie haben jederzeit das Recht, unentgeltlich Auskunft \u00fcber Herkunft, Empf\u00e4nger und Zweck Ihrer gespeicherten personenbezogenen Daten zu erhalten. Sie haben au\u00dferdem ein Recht, die Berichtigung oder L\u00f6schung dieser Daten zu verlangen. Wenn Sie eine Einwilligung zur Datenverarbeitung erteilt haben, k\u00f6nnen Sie diese Einwilligung jederzeit f\u00fcr die Zukunft widerrufen. Au\u00dferdem haben Sie das Recht, unter bestimmten Umst\u00e4nden die Einschr\u00e4nkung der Verarbeitung Ihrer personenbezogenen Daten zu verlangen. Des Weiteren steht Ihnen ein Beschwerderecht bei der zust\u00e4ndigen Aufsichtsbeh\u00f6rde zu.<\/p>\n<p>Hierzu sowie zu weiteren Fragen zum Thema Datenschutz k\u00f6nnen Sie sich jederzeit an uns wenden.<\/p>\n<h3>Analyse-Tools und Tools von Dritt\u00adanbietern<\/h3>\n<p>Beim Besuch dieser Website kann Ihr Surf-Verhalten statistisch ausgewertet werden. Das geschieht vor allem mit sogenannten Analyseprogrammen.<\/p>\n<p>Detaillierte Informationen zu diesen Analyseprogrammen finden Sie in der folgenden Datenschutzerkl\u00e4rung.<\/p>\n<h2>2. Hosting<\/h2>\n<p>Wir hosten die Inhalte unserer Website bei folgendem Anbieter:<\/p>\n<h3>Hetzner<\/h3>\n<p>Anbieter ist die Hetzner Online GmbH, Industriestr. 25, 91710 Gunzenhausen (nachfolgend Hetzner).<\/p>\n<p>Details entnehmen Sie der Datenschutzerkl\u00e4rung von Hetzner: <a href=\"https:\/\/www.hetzner.com\/de\/legal\/privacy-policy\/\" target=\"_blank\" rel=\"noopener noreferrer\">https:\/\/www.hetzner.com\/de\/legal\/privacy-policy\/<\/a>.<\/p>\n<p>Die Verwendung von Hetzner erfolgt auf Grundlage von Art. 6 Abs. 1 lit. f DSGVO. Wir haben ein berechtigtes Interesse an einer m\u00f6glichst zuverl\u00e4ssigen Darstellung unserer Website. Sofern eine entsprechende Einwilligung abgefragt wurde, erfolgt die Verarbeitung ausschlie\u00dflich auf Grundlage von Art. 6 Abs. 1 lit. a DSGVO und \u00a7 25 Abs. 1 TDDDG, soweit die Einwilligung die Speicherung von Cookies oder den Zugriff auf Informationen im Endger\u00e4t des Nutzers (z.\u00a0B. Device-Fingerprinting) im Sinne des TDDDG umfasst. Die Einwilligung ist jederzeit widerrufbar.<\/p>\n<h4>Auftragsverarbeitung<\/h4>\n<p>Wir haben einen Vertrag \u00fcber Auftragsverarbeitung (AVV) zur Nutzung des oben genannten Dienstes geschlossen. Hierbei handelt es sich um einen datenschutzrechtlich vorgeschriebenen Vertrag, der gew\u00e4hrleistet, dass dieser die personenbezogenen Daten unserer Websitebesucher nur nach unseren Weisungen und unter Einhaltung der DSGVO verarbeitet.<\/p>\n<h2>3. Allgemeine Hinweise und Pflicht\u00adinformationen<\/h2>\n<h3>Datenschutz<\/h3>\n<p>Die Betreiber dieser Seiten nehmen den Schutz Ihrer pers\u00f6nlichen Daten sehr ernst. Wir behandeln Ihre personenbezogenen Daten vertraulich und entsprechend den gesetzlichen Datenschutzvorschriften sowie dieser Datenschutzerkl\u00e4rung.<\/p>\n<p>Wenn Sie diese Website benutzen, werden verschiedene personenbezogene Daten erhoben. Personenbezogene Daten sind Daten, mit denen Sie pers\u00f6nlich identifiziert werden k\u00f6nnen. Die vorliegende Datenschutzerkl\u00e4rung erl\u00e4utert, welche Daten wir erheben und wof\u00fcr wir sie nutzen. Sie erl\u00e4utert auch, wie und zu welchem Zweck das geschieht.<\/p>\n<p>Wir weisen darauf hin, dass die Daten\u00fcbertragung im Internet (z.\u00a0B. bei der Kommunikation per E-Mail) Sicherheitsl\u00fccken aufweisen kann. Ein l\u00fcckenloser Schutz der Daten vor dem Zugriff durch Dritte ist nicht m\u00f6glich.<\/p>\n<h3>Hinweis zur verantwortlichen Stelle<\/h3>\n<p>Die verantwortliche Stelle f\u00fcr die Datenverarbeitung auf dieser Website ist:<\/p>\n<p>Wolff Kunststoffe GmbH<br \/>Industriestrasse 28<br \/>69509 M\u00f6rlenbach<br \/>Deutschland<\/p>\n<p>Telefon: 06209 7200 0<br \/>E-Mail: info@wolff-kunststoffe.de<\/p>\n<p>Verantwortliche Stelle ist die nat\u00fcrliche oder juristische Person, die allein oder gemeinsam mit anderen \u00fcber die Zwecke und Mittel der Verarbeitung von personenbezogenen Daten (z.\u00a0B. Namen, E-Mail-Adressen o. \u00c4.) entscheidet.<\/p>\n<h3>Speicherdauer<\/h3>\n<p>Soweit innerhalb dieser Datenschutzerkl\u00e4rung keine speziellere Speicherdauer genannt wurde, verbleiben Ihre personenbezogenen Daten bei uns, bis der Zweck f\u00fcr die Datenverarbeitung entf\u00e4llt. Wenn Sie ein berechtigtes L\u00f6schersuchen geltend machen oder eine Einwilligung zur Datenverarbeitung widerrufen, werden Ihre Daten gel\u00f6scht, sofern wir keine anderen rechtlich zul\u00e4ssigen Gr\u00fcnde f\u00fcr die Speicherung Ihrer personenbezogenen Daten haben (z.\u00a0B. steuer- oder handelsrechtliche Aufbewahrungsfristen); im letztgenannten Fall erfolgt die L\u00f6schung nach Fortfall dieser Gr\u00fcnde.<\/p>\n<h3>Allgemeine Hinweise zu den Rechtsgrundlagen der Datenverarbeitung auf dieser Website<\/h3>\n<p>Sofern Sie in die Datenverarbeitung eingewilligt haben, verarbeiten wir Ihre personenbezogenen Daten auf Grundlage von Art. 6 Abs. 1 lit. a DSGVO bzw. Art. 9 Abs. 2 lit. a DSGVO, sofern besondere Datenkategorien nach Art. 9 Abs. 1 DSGVO verarbeitet werden. Im Falle einer ausdr\u00fccklichen Einwilligung in die \u00dcbertragung personenbezogener Daten in Drittstaaten erfolgt die Datenverarbeitung au\u00dferdem auf Grundlage von Art. 49 Abs. 1 lit. a DSGVO. Sofern Sie in die Speicherung von Cookies oder in den Zugriff auf Informationen in Ihr Endger\u00e4t (z.\u00a0B. via Device-Fingerprinting) eingewilligt haben, erfolgt die Datenverarbeitung zus\u00e4tzlich auf Grundlage von \u00a7 25 Abs. 1 TDDDG. Die Einwilligung ist jederzeit widerrufbar. Sind Ihre Daten zur Vertragserf\u00fcllung oder zur Durchf\u00fchrung vorvertraglicher Ma\u00dfnahmen erforderlich, verarbeiten wir Ihre Daten auf Grundlage des Art. 6 Abs. 1 lit. b DSGVO. Des Weiteren verarbeiten wir Ihre Daten, sofern diese zur Erf\u00fcllung einer rechtlichen Verpflichtung erforderlich sind auf Grundlage von Art. 6 Abs. 1 lit. c DSGVO. Die Datenverarbeitung kann ferner auf Grundlage unseres berechtigten Interesses nach Art. 6 Abs. 1 lit. f DSGVO erfolgen. \u00dcber die jeweils im Einzelfall einschl\u00e4gigen Rechtsgrundlagen wird in den folgenden Abs\u00e4tzen dieser Datenschutzerkl\u00e4rung informiert.<\/p>\n<h3>Empf\u00e4nger von personenbezogenen Daten<\/h3>\n<p>Im Rahmen unserer Gesch\u00e4ftst\u00e4tigkeit arbeiten wir mit verschiedenen externen Stellen zusammen. Dabei ist teilweise auch eine \u00dcbermittlung von personenbezogenen Daten an diese externen Stellen erforderlich. Wir geben personenbezogene Daten nur dann an externe Stellen weiter, wenn dies im Rahmen einer Vertragserf\u00fcllung erforderlich ist, wenn wir gesetzlich hierzu verpflichtet sind (z.\u00a0B. Weitergabe von Daten an Steuerbeh\u00f6rden), wenn wir ein berechtigtes Interesse nach Art. 6 Abs. 1 lit. f DSGVO an der Weitergabe haben oder wenn eine sonstige Rechtsgrundlage die Datenweitergabe erlaubt. Beim Einsatz von Auftragsverarbeitern geben wir personenbezogene Daten unserer Kunden nur auf Grundlage eines g\u00fcltigen Vertrags \u00fcber Auftragsverarbeitung weiter. Im Falle einer gemeinsamen Verarbeitung wird ein Vertrag \u00fcber gemeinsame Verarbeitung geschlossen.<\/p>\n<h3>Widerruf Ihrer Einwilligung zur Datenverarbeitung<\/h3>\n<p>Viele Datenverarbeitungsvorg\u00e4nge sind nur mit Ihrer ausdr\u00fccklichen Einwilligung m\u00f6glich. Sie k\u00f6nnen eine bereits erteilte Einwilligung jederzeit widerrufen. Die Rechtm\u00e4\u00dfigkeit der bis zum Widerruf erfolgten Datenverarbeitung bleibt vom Widerruf unber\u00fchrt.<\/p>\n<h3>Widerspruchsrecht gegen die Datenerhebung in besonderen F\u00e4llen sowie gegen Direktwerbung (Art. 21 DSGVO)<\/h3>\n<p>WENN DIE DATENVERARBEITUNG AUF GRUNDLAGE VON ART. 6 ABS. 1 LIT. E ODER F DSGVO ERFOLGT, HABEN SIE JEDERZEIT DAS RECHT, AUS GR\u00dcNDEN, DIE SICH AUS IHRER BESONDEREN SITUATION ERGEBEN, GEGEN DIE VERARBEITUNG IHRER PERSONENBEZOGENEN DATEN WIDERSPRUCH EINZULEGEN; DIES GILT AUCH F\u00dcR EIN AUF DIESE BESTIMMUNGEN GEST\u00dcTZTES PROFILING. DIE JEWEILIGE RECHTSGRUNDLAGE, AUF DENEN EINE VERARBEITUNG BERUHT, ENTNEHMEN SIE DIESER DATENSCHUTZERKL\u00c4RUNG. WENN SIE WIDERSPRUCH EINLEGEN, WERDEN WIR IHRE BETROFFENEN PERSONENBEZOGENEN DATEN NICHT MEHR VERARBEITEN, ES SEI DENN, WIR K\u00d6NNEN ZWINGENDE SCHUTZW\u00dcRDIGE GR\u00dcNDE F\u00dcR DIE VERARBEITUNG NACHWEISEN, DIE IHRE INTERESSEN, RECHTE UND FREIHEITEN \u00dcBERWIEGEN ODER DIE VERARBEITUNG DIENT DER GELTENDMACHUNG, AUS\u00dcBUNG ODER VERTEIDIGUNG VON RECHTSANSPR\u00dcCHEN (WIDERSPRUCH NACH ART. 21 ABS. 1 DSGVO).<\/p>\n<p>WERDEN IHRE PERSONENBEZOGENEN DATEN VERARBEITET, UM DIREKTWERBUNG ZU BETREIBEN, SO HABEN SIE DAS RECHT, JEDERZEIT WIDERSPRUCH GEGEN DIE VERARBEITUNG SIE BETREFFENDER PERSONENBEZOGENER DATEN ZUM ZWECKE DERARTIGER WERBUNG EINZULEGEN; DIES GILT AUCH F\u00dcR DAS PROFILING, SOWEIT ES MIT SOLCHER DIREKTWERBUNG IN VERBINDUNG STEHT. WENN SIE WIDERSPRECHEN, WERDEN IHRE PERSONENBEZOGENEN DATEN ANSCHLIESSEND NICHT MEHR ZUM ZWECKE DER DIREKTWERBUNG VERWENDET (WIDERSPRUCH NACH ART. 21 ABS. 2 DSGVO).<\/p>\n<h3>Beschwerde\u00adrecht bei der zust\u00e4ndigen Aufsichts\u00adbeh\u00f6rde<\/h3>\n<p>Im Falle von Verst\u00f6\u00dfen gegen die DSGVO steht den Betroffenen ein Beschwerderecht bei einer Aufsichtsbeh\u00f6rde, insbesondere in dem Mitgliedstaat ihres gew\u00f6hnlichen Aufenthalts, ihres Arbeitsplatzes oder des Orts des mutma\u00dflichen Versto\u00dfes zu. Das Beschwerderecht besteht unbeschadet anderweitiger verwaltungsrechtlicher oder gerichtlicher Rechtsbehelfe.<\/p>\n<h3>Recht auf Daten\u00ad\u00fcbertrag\u00adbarkeit<\/h3>\n<p>Sie haben das Recht, Daten, die wir auf Grundlage Ihrer Einwilligung oder in Erf\u00fcllung eines Vertrags automatisiert verarbeiten, an sich oder an einen Dritten in einem g\u00e4ngigen, maschinenlesbaren Format aush\u00e4ndigen zu lassen. Sofern Sie die direkte \u00dcbertragung der Daten an einen anderen Verantwortlichen verlangen, erfolgt dies nur, soweit es technisch machbar ist.<\/p>\n<h3>Auskunft, Berichtigung und L\u00f6schung<\/h3>\n<p>Sie haben im Rahmen der geltenden gesetzlichen Bestimmungen jederzeit das Recht auf unentgeltliche Auskunft \u00fcber Ihre gespeicherten personenbezogenen Daten, deren Herkunft und Empf\u00e4nger und den Zweck der Datenverarbeitung und ggf. ein Recht auf Berichtigung oder L\u00f6schung dieser Daten. Hierzu sowie zu weiteren Fragen zum Thema personenbezogene Daten k\u00f6nnen Sie sich jederzeit an uns wenden.<\/p>\n<h3>Recht auf Einschr\u00e4nkung der Verarbeitung<\/h3>\n<p>Sie haben das Recht, die Einschr\u00e4nkung der Verarbeitung Ihrer personenbezogenen Daten zu verlangen. Hierzu k\u00f6nnen Sie sich jederzeit an uns wenden. Das Recht auf Einschr\u00e4nkung der Verarbeitung besteht in folgenden F\u00e4llen:<\/p>\n<ul>\n<li>Wenn Sie die Richtigkeit Ihrer bei uns gespeicherten personenbezogenen Daten bestreiten, ben\u00f6tigen wir in der Regel Zeit, um dies zu \u00fcberpr\u00fcfen. F\u00fcr die Dauer der Pr\u00fcfung haben Sie das Recht, die Einschr\u00e4nkung der Verarbeitung Ihrer personenbezogenen Daten zu verlangen.<\/li>\n<li>Wenn die Verarbeitung Ihrer personenbezogenen Daten unrechtm\u00e4\u00dfig geschah\/geschieht, k\u00f6nnen Sie statt der L\u00f6schung die Einschr\u00e4nkung der Datenverarbeitung verlangen.<\/li>\n<li>Wenn wir Ihre personenbezogenen Daten nicht mehr ben\u00f6tigen, Sie sie jedoch zur Aus\u00fcbung, Verteidigung oder Geltendmachung von Rechtsanspr\u00fcchen ben\u00f6tigen, haben Sie das Recht, statt der L\u00f6schung die Einschr\u00e4nkung der Verarbeitung Ihrer personenbezogenen Daten zu verlangen.<\/li>\n<li>Wenn Sie einen Widerspruch nach Art. 21 Abs. 1 DSGVO eingelegt haben, muss eine Abw\u00e4gung zwischen Ihren und unseren Interessen vorgenommen werden. Solange noch nicht feststeht, wessen Interessen \u00fcberwiegen, haben Sie das Recht, die Einschr\u00e4nkung der Verarbeitung Ihrer personenbezogenen Daten zu verlangen.<\/li>\n<\/ul>\n<p>Wenn Sie die Verarbeitung Ihrer personenbezogenen Daten eingeschr\u00e4nkt haben, d\u00fcrfen diese Daten \u2013 von ihrer Speicherung abgesehen \u2013 nur mit Ihrer Einwilligung oder zur Geltendmachung, Aus\u00fcbung oder Verteidigung von Rechtsanspr\u00fcchen oder zum Schutz der Rechte einer anderen nat\u00fcrlichen oder juristischen Person oder aus Gr\u00fcnden eines wichtigen \u00f6ffentlichen Interesses der Europ\u00e4ischen Union oder eines Mitgliedstaats verarbeitet werden.<\/p>\n<h3>SSL- bzw. TLS-Verschl\u00fcsselung<\/h3>\n<p>Diese Seite nutzt aus Sicherheitsgr\u00fcnden und zum Schutz der \u00dcbertragung vertraulicher Inhalte, wie zum Beispiel Bestellungen oder Anfragen, die Sie an uns als Seitenbetreiber senden, eine SSL- bzw. TLS-Verschl\u00fcsselung. Eine verschl\u00fcsselte Verbindung erkennen Sie daran, dass die Adresszeile des Browsers von \u201ehttp:\/\/\u201c auf \u201ehttps:\/\/\u201c wechselt und an dem Schloss-Symbol in Ihrer Browserzeile.<\/p>\n<p>Wenn die SSL- bzw. TLS-Verschl\u00fcsselung aktiviert ist, k\u00f6nnen die Daten, die Sie an uns \u00fcbermitteln, nicht von Dritten mitgelesen werden.<\/p>\n<h3>Widerspruch gegen Werbe-E-Mails<\/h3>\n<p>Der Nutzung von im Rahmen der Impressumspflicht ver\u00f6ffentlichten Kontaktdaten zur \u00dcbersendung von nicht ausdr\u00fccklich angeforderter Werbung und Informationsmaterialien wird hiermit widersprochen. Die Betreiber der Seiten behalten sich ausdr\u00fccklich rechtliche Schritte im Falle der unverlangten Zusendung von Werbeinformationen, etwa durch Spam-E-Mails, vor.<\/p>\n<h2>4. Datenerfassung auf dieser Website<\/h2>\n<h3>Cookies<\/h3>\n<p>Unsere Internetseiten verwenden so genannte \u201eCookies\u201c. Cookies sind kleine Datenpakete und richten auf Ihrem Endger\u00e4t keinen Schaden an. Sie werden entweder vor\u00fcbergehend f\u00fcr die Dauer einer Sitzung (Session-Cookies) oder dauerhaft (permanente Cookies) auf Ihrem Endger\u00e4t gespeichert. Session-Cookies werden nach Ende Ihres Besuchs automatisch gel\u00f6scht. Permanente Cookies bleiben auf Ihrem Endger\u00e4t gespeichert, bis Sie diese selbst l\u00f6schen oder eine automatische L\u00f6schung durch Ihren Webbrowser erfolgt.<\/p>\n<p>Cookies k\u00f6nnen von uns (First-Party-Cookies) oder von Drittunternehmen stammen (sog. Third-Party-Cookies). Third-Party-Cookies erm\u00f6glichen die Einbindung bestimmter Dienstleistungen von Drittunternehmen innerhalb von Webseiten (z.\u00a0B. Cookies zur Abwicklung von Zahlungsdienstleistungen).<\/p>\n<p>Cookies haben verschiedene Funktionen. Zahlreiche Cookies sind technisch notwendig, da bestimmte Webseitenfunktionen ohne diese nicht funktionieren w\u00fcrden (z.\u00a0B. die Warenkorbfunktion oder die Anzeige von Videos). Andere Cookies k\u00f6nnen zur Auswertung des Nutzerverhaltens oder zu Werbezwecken verwendet werden.<\/p>\n<p>Cookies, die zur Durchf\u00fchrung des elektronischen Kommunikationsvorgangs, zur Bereitstellung bestimmter, von Ihnen erw\u00fcnschter Funktionen (z.\u00a0B. f\u00fcr die Warenkorbfunktion) oder zur Optimierung der Website (z.\u00a0B. Cookies zur Messung des Webpublikums) erforderlich sind (notwendige Cookies), werden auf Grundlage von Art. 6 Abs. 1 lit. f DSGVO gespeichert, sofern keine andere Rechtsgrundlage angegeben wird. Der Websitebetreiber hat ein berechtigtes Interesse an der Speicherung von notwendigen Cookies zur technisch fehlerfreien und optimierten Bereitstellung seiner Dienste. Sofern eine Einwilligung zur Speicherung von Cookies und vergleichbaren Wiedererkennungstechnologien abgefragt wurde, erfolgt die Verarbeitung ausschlie\u00dflich auf Grundlage dieser Einwilligung (Art. 6 Abs. 1 lit. a DSGVO und \u00a7 25 Abs. 1 TDDDG); die Einwilligung ist jederzeit widerrufbar.<\/p>\n<p>Sie k\u00f6nnen Ihren Browser so einstellen, dass Sie \u00fcber das Setzen von Cookies informiert werden und Cookies nur im Einzelfall erlauben, die Annahme von Cookies f\u00fcr bestimmte F\u00e4lle oder generell ausschlie\u00dfen sowie das automatische L\u00f6schen der Cookies beim Schlie\u00dfen des Browsers aktivieren. Bei der Deaktivierung von Cookies kann die Funktionalit\u00e4t dieser Website eingeschr\u00e4nkt sein.<\/p>\n<p>Welche Cookies und Dienste auf dieser Website eingesetzt werden, k\u00f6nnen Sie dieser Datenschutzerkl\u00e4rung entnehmen.<\/p>\n<h3>Einwilligung mit Usercentrics<\/h3>\n<p>Diese Website nutzt die Consent-Technologie von Usercentrics, um Ihre Einwilligung zur Speicherung bestimmter Cookies auf Ihrem Endger\u00e4t oder zum Einsatz bestimmter Technologien einzuholen und diese datenschutzkonform zu dokumentieren. Anbieter dieser Technologie ist die Usercentrics GmbH, Sendlinger Stra\u00dfe 7, 80331 M\u00fcnchen, Website: <a href=\"https:\/\/usercentrics.com\/de\/\" target=\"_blank\" rel=\"noopener noreferrer\">https:\/\/usercentrics.com\/de\/<\/a> (im Folgenden \u201eUsercentrics\u201c).<\/p>\n<p>Wenn Sie unsere Website betreten, werden folgende personenbezogene Daten an Usercentrics \u00fcbertragen:<\/p>\n<ul>\n<li>Ihre Einwilligung(en) bzw. der Widerruf Ihrer Einwilligung(en)<\/li>\n<li>Ihre IP-Adresse<\/li>\n<li>Informationen \u00fcber Ihren Browser<\/li>\n<li>Informationen \u00fcber Ihr Endger\u00e4t<\/li>\n<li>Zeitpunkt Ihres Besuchs auf der Website<\/li>\n<li>Geolocation<\/li>\n<\/ul>\n<p>Des Weiteren speichert Usercentrics ein Cookie in Ihrem Browser, um Ihnen die erteilten Einwilligungen bzw. deren Widerruf zuordnen zu k\u00f6nnen. Die so erfassten Daten werden gespeichert, bis Sie uns zur L\u00f6schung auffordern, das Usercentrics-Cookie selbst l\u00f6schen oder der Zweck f\u00fcr die Datenspeicherung entf\u00e4llt. Zwingende gesetzliche Aufbewahrungspflichten bleiben unber\u00fchrt.<\/p>\n<p>Das Usercentrics-Banner auf dieser Website wurde mit Hilfe von eRecht24 konfiguriert. Das erkennen Sie daran, dass im Banner das Logo von eRecht24 auftaucht. Um das eRecht24-Logo im Banner auszuspielen, wird eine Verbindung zum Bildserver von eRecht24 hergestellt. Hierbei wird auch die IP-Adresse \u00fcbertragen, die jedoch nur in anonymisierter Form in den Server-Logs gespeichert wird. Der Bildserver von eRecht24 befindet sich in Deutschland bei einem deutschen Anbieter. Das Banner selbst wird ausschlie\u00dflich von Usercentrics zur Verf\u00fcgung gestellt.<\/p>\n<p>Der Einsatz von Usercentrics erfolgt, um die gesetzlich vorgeschriebenen Einwilligungen f\u00fcr den Einsatz bestimmter Technologien einzuholen. Rechtsgrundlage hierf\u00fcr ist Art. 6 Abs. 1 lit. c DSGVO.<\/p>\n<h4>Auftragsverarbeitung<\/h4>\n<p>Wir haben einen Vertrag \u00fcber Auftragsverarbeitung (AVV) zur Nutzung des oben genannten Dienstes geschlossen. Hierbei handelt es sich um einen datenschutzrechtlich vorgeschriebenen Vertrag, der gew\u00e4hrleistet, dass dieser die personenbezogenen Daten unserer Websitebesucher nur nach unseren Weisungen und unter Einhaltung der DSGVO verarbeitet.<\/p>\n<h3>Server-Log-Dateien<\/h3>\n<p>Der Provider der Seiten erhebt und speichert automatisch Informationen in so genannten Server-Log-Dateien, die Ihr Browser automatisch an uns \u00fcbermittelt. Dies sind:<\/p>\n<ul>\n<li>Browsertyp und Browserversion<\/li>\n<li>verwendetes Betriebssystem<\/li>\n<li>Referrer URL<\/li>\n<li>Hostname des zugreifenden Rechners<\/li>\n<li>Uhrzeit der Serveranfrage<\/li>\n<li>IP-Adresse<\/li>\n<\/ul>\n<p>Eine Zusammenf\u00fchrung dieser Daten mit anderen Datenquellen wird nicht vorgenommen.<\/p>\n<p>Die Erfassung dieser Daten erfolgt auf Grundlage von Art. 6 Abs. 1 lit. f DSGVO. Der Websitebetreiber hat ein berechtigtes Interesse an der technisch fehlerfreien Darstellung und der Optimierung seiner Website \u2013 hierzu m\u00fcssen die Server-Log-Files erfasst werden.<\/p>\n<h3>Kontaktformular<\/h3>\n<p>Wenn Sie uns per Kontaktformular Anfragen zukommen lassen, werden Ihre Angaben aus dem Anfrageformular inklusive der von Ihnen dort angegebenen Kontaktdaten zwecks Bearbeitung der Anfrage und f\u00fcr den Fall von Anschlussfragen bei uns gespeichert. Diese Daten geben wir nicht ohne Ihre Einwilligung weiter.<\/p>\n<p>Die Verarbeitung dieser Daten erfolgt auf Grundlage von Art. 6 Abs. 1 lit. b DSGVO, sofern Ihre Anfrage mit der Erf\u00fcllung eines Vertrags zusammenh\u00e4ngt oder zur Durchf\u00fchrung vorvertraglicher Ma\u00dfnahmen erforderlich ist. In allen \u00fcbrigen F\u00e4llen beruht die Verarbeitung auf unserem berechtigten Interesse an der effektiven Bearbeitung der an uns gerichteten Anfragen (Art. 6 Abs. 1 lit. f DSGVO) oder auf Ihrer Einwilligung (Art. 6 Abs. 1 lit. a DSGVO) sofern diese abgefragt wurde; die Einwilligung ist jederzeit widerrufbar.<\/p>\n<p>Die von Ihnen im Kontaktformular eingegebenen Daten verbleiben bei uns, bis Sie uns zur L\u00f6schung auffordern, Ihre Einwilligung zur Speicherung widerrufen oder der Zweck f\u00fcr die Datenspeicherung entf\u00e4llt (z.\u00a0B. nach abgeschlossener Bearbeitung Ihrer Anfrage). Zwingende gesetzliche Bestimmungen \u2013 insbesondere Aufbewahrungsfristen \u2013 bleiben unber\u00fchrt.<\/p>\n<h2>5. Analyse-Tools und Werbung<\/h2>\n<h3>WP Statistics<\/h3>\n<p>Diese Website nutzt das Analysetool WP Statistics, um Besucherzugriffe statistisch auszuwerten. Anbieter ist Veronalabs, Tatari 64, 10134, Tallinn, Estland (<a href=\"https:\/\/veronalabs.com\" target=\"_blank\" rel=\"noopener noreferrer\">https:\/\/veronalabs.com<\/a>).<\/p>\n<p>Mit WP Statistics k\u00f6nnen wir die Nutzung unserer Website analysieren. WP Statistics erfasst dabei u.\u00a0a. Logdateien (IP-Adresse, Referrer, verwendete Browser, Herkunft des Nutzers, verwendete Suchmaschine) und Aktionen, die die Websitebesucher auf der Seite get\u00e4tigt haben (z.\u00a0B. Klicks und Ansichten).<\/p>\n<p>Die mit WP Statistics erfassten Daten werden ausschlie\u00dflich auf unserem eigenen Server gespeichert.<\/p>\n<p>Die Nutzung dieses Analyse-Tools erfolgt auf Grundlage von Art. 6 Abs. 1 lit. f DSGVO. Wir haben ein berechtigtes Interesse an der anonymisierten Analyse des Nutzerverhaltens, um sowohl unser Webangebot als auch unsere Werbung zu optimieren. Sofern eine entsprechende Einwilligung abgefragt wurde, erfolgt die Verarbeitung ausschlie\u00dflich auf Grundlage von Art. 6 Abs. 1 lit. a DSGVO und \u00a7 25 Abs. 1 TDDDG, soweit die Einwilligung die Speicherung von Cookies oder den Zugriff auf Informationen im Endger\u00e4t des Nutzers (z.\u00a0B. Device-Fingerprinting) im Sinne des TDDDG umfasst. Die Einwilligung ist jederzeit widerrufbar.<\/p>\n<h4>IP-Anonymisierung<\/h4>\n<p>Wir verwenden WP Statistics mit anonymisierter IP. Ihre IP-Adresse wird dabei gek\u00fcrzt, sodass diese Ihnen nicht mehr direkt zugeordnet werden kann.<\/p>\n<h2>6. Plugins und Tools<\/h2>\n<h3>Google Fonts (lokales Hosting)<\/h3>\n<p>Diese Seite nutzt zur einheitlichen Darstellung von Schriftarten so genannte Google Fonts, die von Google bereitgestellt werden. Die Google Fonts sind lokal installiert. Eine Verbindung zu Servern von Google findet dabei nicht statt.<\/p>\n<p>Weitere Informationen zu Google Fonts finden Sie unter <a href=\"https:\/\/developers.google.com\/fonts\/faq\" target=\"_blank\" rel=\"noopener noreferrer\">https:\/\/developers.google.com\/fonts\/faq<\/a> und in der Datenschutzerkl\u00e4rung von Google: <a href=\"https:\/\/policies.google.com\/privacy?hl=de\" target=\"_blank\" rel=\"noopener noreferrer\">https:\/\/policies.google.com\/privacy?hl=de<\/a>.<\/p>\n<h3>Google Maps<\/h3>\n<p>Diese Seite nutzt den Kartendienst Google Maps. Anbieter ist die Google Ireland Limited (\u201eGoogle\u201c), Gordon House, Barrow Street, Dublin 4, Irland. Mit Hilfe dieses Dienstes k\u00f6nnen wir Kartenmaterial auf unserer Website einbinden.<\/p>\n<p>Zur Nutzung der Funktionen von Google Maps ist es notwendig, Ihre IP-Adresse zu speichern. Diese Informationen werden in der Regel an einen Server von Google in den USA \u00fcbertragen und dort gespeichert. Der Anbieter dieser Seite hat keinen Einfluss auf diese Daten\u00fcbertragung. Wenn Google Maps aktiviert ist, kann Google zum Zwecke der einheitlichen Darstellung der Schriftarten Google Fonts verwenden. Beim Aufruf von Google Maps l\u00e4dt Ihr Browser die ben\u00f6tigten Web Fonts in ihren Browsercache, um Texte und Schriftarten korrekt anzuzeigen.<\/p>\n<p>Die Nutzung von Google Maps erfolgt im Interesse einer ansprechenden Darstellung unserer Online-Angebote und an einer leichten Auffindbarkeit der von uns auf der Website angegebenen Orte. Dies stellt ein berechtigtes Interesse im Sinne von Art. 6 Abs. 1 lit. f DSGVO dar. Sofern eine entsprechende Einwilligung abgefragt wurde, erfolgt die Verarbeitung ausschlie\u00dflich auf Grundlage von Art. 6 Abs. 1 lit. a DSGVO und \u00a7 25 Abs. 1 TDDDG, soweit die Einwilligung die Speicherung von Cookies oder den Zugriff auf Informationen im Endger\u00e4t des Nutzers (z.\u00a0B. Device-Fingerprinting) im Sinne des TDDDG umfasst. Die Einwilligung ist jederzeit widerrufbar.<\/p>\n<p>Die Daten\u00fcbertragung in die USA wird auf die Standardvertragsklauseln der EU-Kommission gest\u00fctzt. Details finden Sie hier: <a href=\"https:\/\/privacy.google.com\/businesses\/gdprcontrollerterms\/\" target=\"_blank\" rel=\"noopener noreferrer\">https:\/\/privacy.google.com\/businesses\/gdprcontrollerterms\/<\/a> und <a href=\"https:\/\/privacy.google.com\/businesses\/gdprcontrollerterms\/sccs\/\" target=\"_blank\" rel=\"noopener noreferrer\">https:\/\/privacy.google.com\/businesses\/gdprcontrollerterms\/sccs\/<\/a>.<\/p>\n<p>Mehr Informationen zum Umgang mit Nutzerdaten finden Sie in der Datenschutzerkl\u00e4rung von Google: <a href=\"https:\/\/policies.google.com\/privacy?hl=de\" target=\"_blank\" rel=\"noopener noreferrer\">https:\/\/policies.google.com\/privacy?hl=de<\/a>.<\/p>\n<p>Das Unternehmen verf\u00fcgt \u00fcber eine Zertifizierung nach dem \u201eEU-US Data Privacy Framework\u201c (DPF). Der DPF ist ein \u00dcbereinkommen zwischen der Europ\u00e4ischen Union und den USA, der die Einhaltung europ\u00e4ischer Datenschutzstandards bei Datenverarbeitungen in den USA gew\u00e4hrleisten soll. Jedes nach dem DPF zertifizierte Unternehmen verpflichtet sich, diese Datenschutzstandards einzuhalten. Weitere Informationen hierzu erhalten Sie vom Anbieter unter folgendem Link: <a href=\"https:\/\/www.dataprivacyframework.gov\/participant\/5780\" target=\"_blank\" rel=\"noopener noreferrer\">https:\/\/www.dataprivacyframework.gov\/participant\/5780<\/a>.<\/p>\n<h2>7. eCommerce und Zahlungs\u00adanbieter<\/h2>\n<h3>Verarbeiten von Kunden- und Vertragsdaten<\/h3>\n<p>Wir erheben, verarbeiten und nutzen personenbezogene Kunden- und Vertragsdaten zur Begr\u00fcndung, inhaltlichen Ausgestaltung und \u00c4nderung unserer Vertragsbeziehungen. Personenbezogene Daten \u00fcber die Inanspruchnahme dieser Website (Nutzungsdaten) erheben, verarbeiten und nutzen wir nur, soweit dies erforderlich ist, um dem Nutzer die Inanspruchnahme des Dienstes zu erm\u00f6glichen oder abzurechnen. Rechtsgrundlage hierf\u00fcr ist Art. 6 Abs. 1 lit. b DSGVO.<\/p>\n<p>Die erhobenen Kundendaten werden nach Abschluss des Auftrags oder Beendigung der Gesch\u00e4ftsbeziehung und Ablauf der ggf. bestehenden gesetzlichen Aufbewahrungsfristen gel\u00f6scht. Gesetzliche Aufbewahrungsfristen bleiben unber\u00fchrt.<\/p>[\/et_pb_text][\/et_pb_column][\/et_pb_row][\/et_pb_section][et_pb_section fb_built=\"1\" _builder_version=\"4.27.4\" _module_preset=\"default\" background_color=\"#25385D\" custom_padding=\"||30px||false|false\" global_module=\"324\" saved_tabs=\"all\" global_colors_info=\"{}\"][et_pb_row column_structure=\"1_3,1_3,1_3\" _builder_version=\"4.27.4\" _module_preset=\"default\" custom_margin=\"0px||0px||false|false\" custom_padding=\"0px||0px||false|false\" global_colors_info=\"{}\" link_text_color__hover=\"#277D86\" link_text_color__hover_enabled=\"on|hover\"][et_pb_column type=\"1_3\" _builder_version=\"4.17.3\" _module_preset=\"default\" global_colors_info=\"{}\"][et_pb_image src=\"https:\/\/wolff-kunststoffe.de\/wp-content\/uploads\/2025\/06\/footer-logo.png\" title_text=\"footer-logo\" url=\"#\" _builder_version=\"4.27.4\" _module_preset=\"default\" width=\"250px\" custom_margin=\"||30px||false|false\" global_colors_info=\"{}\"][\/et_pb_image][et_pb_text _builder_version=\"4.27.4\" _module_preset=\"default\" text_text_color=\"#FFFFFF\" header_2_text_color=\"#FFFFFF\" custom_margin=\"||20px||false|false\" global_colors_info=\"{}\"]<h2>Anschrift<\/h2>\n<p><strong>WOLFF Kunststoffe GmbH<\/strong><br \/>Industriestra\u00dfe 28<br \/>69509 M\u00f6rlenbach<\/p>[\/et_pb_text][\/et_pb_column][et_pb_column type=\"1_3\" _builder_version=\"4.17.3\" _module_preset=\"default\" global_colors_info=\"{}\"][et_pb_text _builder_version=\"4.27.4\" _module_preset=\"default\" text_text_color=\"#FFFFFF\" link_text_color=\"#FFFFFF\" ul_text_color=\"#FFFFFF\" header_3_text_color=\"#FFFFFF\" header_3_line_height=\"1.4em\" header_4_text_color=\"#75bac9\" custom_margin=\"||15px||false|false\" global_colors_info=\"{}\" link_text_color__hover_enabled=\"on|hover\" link_text_color__hover=\"#F5F3EF\"]<h3>Produkte<\/h3>\n<ul>\n<li><a href=\"\/produktuebersicht\/polyurethan-pupur-formartikel\/\">Polyurethan (PU\/PUR) Formartikel<\/a><\/li>\n<li><a href=\"\/produktuebersicht\/polyurethan-walzen-und-rollen\/\">Polyurethan Walzen und Rollen<\/a><\/li>\n<li><a href=\"\/produktuebersicht\/platten-leisten-und-schneidleisten\/\">Polyurethan Platten, Leisten und Schneidleisten<\/a><\/li>\n<li><a href=\"\/produktuebersicht\/latex-tauchteile\/\">Latex Tauchteile<\/a><\/li>\n<li><a href=\"\/produktuebersicht\/gummi-form-und-stanzteile\/\">Gummi Form- und Stanzteile<\/a><\/li>\n<li><a href=\"https:\/\/conform-sitzkissen.de\/\">CONFORM\u00ae Med. Luftkissensysteme<\/a><\/li>\n<\/ul>[\/et_pb_text][et_pb_text _builder_version=\"4.27.4\" _module_preset=\"default\" text_text_color=\"#FFFFFF\" link_text_color=\"#FFFFFF\" link_line_height=\"2.8em\" global_colors_info=\"{}\" link_text_color__hover_enabled=\"on|desktop\" link_text_color__hover=\"#75BAC9\"][\/et_pb_text][\/et_pb_column][et_pb_column type=\"1_3\" _builder_version=\"4.17.3\" _module_preset=\"default\" global_colors_info=\"{}\"][et_pb_text _builder_version=\"4.27.4\" _module_preset=\"default\" text_text_color=\"#FFFFFF\" link_text_color=\"#FFFFFF\" ul_text_color=\"#FFFFFF\" header_3_text_color=\"#FFFFFF\" header_3_line_height=\"1.4em\" header_4_text_color=\"#75bac9\" custom_margin=\"||15px||false|false\" global_colors_info=\"{}\" link_text_color__hover_enabled=\"on|hover\" link_text_color__hover=\"#F5F3EF\"]<h3>Infos<\/h3>\n<ul>\n<li><a href=\"\/impressum\">Impressum<\/a><\/li>\n<li><a href=\"\/datenschutz\">Datenschutz<\/a><\/li>\n<li><a href=\"\/agb\">AGB<\/a><\/li>\n<li><a href=\"\/karriere\">Karriere<\/a><\/li>\n<li><a href=\"\/qualitaetsuebersicht\">Qualit\u00e4ten<\/a><\/li>\n<li><a href=\"\/downloads\">Downloads<\/a><\/li>\n<li><a href=\"\/kontakt\">Kontakt<\/a><\/li>\n<\/ul>[\/et_pb_text][\/et_pb_column][\/et_pb_row][et_pb_row column_structure=\"1_3,1_3,1_3\" _builder_version=\"4.27.4\" _module_preset=\"default\" background_enable_color=\"off\" custom_margin=\"||30px||false|false\" custom_padding=\"20px|20px|20px|20px|false|false\" border_radii=\"on|10px|10px|10px|10px\" global_colors_info=\"{}\" link_text_color__hover=\"#277D86\" link_text_color__hover_enabled=\"on|hover\"][et_pb_column type=\"1_3\" _builder_version=\"4.17.3\" _module_preset=\"default\" global_colors_info=\"{}\"][et_pb_blurb title=\"+49 (0)6209 72000 \" url=\"tel:+49620972000%20\" use_icon=\"on\" font_icon=\"&#xf879;||fa||900\" icon_color=\"#FFFFFF\" icon_placement=\"left\" image_icon_width=\"20px\" _builder_version=\"4.27.4\" _module_preset=\"default\" header_level=\"h3\" header_font=\"--et_global_body_font||||||||\" header_text_color=\"#FFFFFF\" header_font_size=\"18px\" custom_margin=\"||10px||false|false\" global_colors_info=\"{}\"][\/et_pb_blurb][\/et_pb_column][et_pb_column type=\"1_3\" _builder_version=\"4.17.3\" _module_preset=\"default\" global_colors_info=\"{}\"][et_pb_blurb title=\"info@wolff-kunststoffe.de\" url=\"mailto:info@wolff-kunststoffe.de\" use_icon=\"on\" font_icon=\"&#xe076;||divi||400\" icon_color=\"#FFFFFF\" icon_placement=\"left\" image_icon_width=\"20px\" _builder_version=\"4.27.4\" _module_preset=\"default\" header_level=\"h3\" header_font=\"--et_global_body_font||||||||\" header_text_color=\"#FFFFFF\" header_font_size=\"18px\" custom_margin=\"||10px||false|false\" global_colors_info=\"{}\"][\/et_pb_blurb][\/et_pb_column][et_pb_column type=\"1_3\" _builder_version=\"4.17.3\" _module_preset=\"default\" global_colors_info=\"{}\"][et_pb_button button_url=\"\/kontakt\" button_text=\"Beratung anfragen\" button_alignment=\"left\" _builder_version=\"4.27.4\" _module_preset=\"default\" custom_button=\"on\" button_text_size=\"22px\" button_text_color=\"#FFFFFF\" button_bg_color=\"#6A9A00\" button_font=\"--et_global_body_font||||||||\" button_icon=\"&#xf133;||fa||900\" button_icon_placement=\"left\" button_on_hover=\"off\" button_text_size_tablet=\"22px\" button_text_size_phone=\"16px\" button_text_size_last_edited=\"on|phone\" global_colors_info=\"{}\" button_text_color__hover_enabled=\"on|desktop\" button_text_color__hover=\"#25385D\" button_text_size__hover=\"22px\" button_text_size__hover_enabled=\"off|desktop\" button_bg_color__hover_enabled=\"on|hover\" button_bg_color__hover=\"#FFFFFF\" button_bg_enable_color__hover=\"on\"][\/et_pb_button][\/et_pb_column][\/et_pb_row][\/et_pb_section]","_et_gb_content_width":"","footnotes":""},"class_list":["post-1931","page","type-page","status-publish","hentry"],"yoast_head":"<!-- This site is optimized with the Yoast SEO plugin v27.4 - https:\/\/yoast.com\/product\/yoast-seo-wordpress\/ -->\n<title>Terms and conditions - Wolff Kunststoffe<\/title>\n<meta name=\"robots\" content=\"index, follow, max-snippet:-1, max-image-preview:large, max-video-preview:-1\" \/>\n<link rel=\"canonical\" href=\"https:\/\/wolff-kunststoffe.de\/en\/terms-and-conditions\/\" \/>\n<meta property=\"og:locale\" content=\"en_US\" \/>\n<meta property=\"og:type\" content=\"article\" \/>\n<meta property=\"og:title\" content=\"Terms and conditions - Wolff Kunststoffe\" \/>\n<meta property=\"og:description\" content=\"AGBAllgemeine Gesch\u00e4ftsbedingungen f\u00fcr den Verkauf der Firma Wolff-Kunststoffe GmbH ( Stand Dezember 2010 ) \u00a7 1 Geltungsbereich1. Diese Verkaufsbedingungen gelten ausschlie\u00dflich gegen\u00fcber Unternehmern, juristischen Personen des \u00d6ffentlichen Rechts \u00a0 oder \u00d6ffentlich-rechtlichen Sonderverm\u00f6gen im Sinne von \u00a7 310 Absatz 1 BGB. Entgegenstehende oder von unseren Ver kaufsbedingungen abweichende Bedingungen des Bestellers erkennen wir nur an, wenn [&hellip;]\" \/>\n<meta property=\"og:url\" content=\"https:\/\/wolff-kunststoffe.de\/en\/terms-and-conditions\/\" \/>\n<meta property=\"og:site_name\" content=\"Wolff Kunststoffe\" \/>\n<meta property=\"article:modified_time\" content=\"2026-01-09T09:52:54+00:00\" \/>\n<meta name=\"twitter:card\" content=\"summary_large_image\" \/>\n<meta name=\"twitter:label1\" content=\"Est. reading time\" \/>\n\t<meta name=\"twitter:data1\" content=\"17 minutes\" \/>\n<script type=\"application\/ld+json\" class=\"yoast-schema-graph\">{\"@context\":\"https:\\\/\\\/schema.org\",\"@graph\":[{\"@type\":\"WebPage\",\"@id\":\"https:\\\/\\\/wolff-kunststoffe.de\\\/en\\\/terms-and-conditions\\\/\",\"url\":\"https:\\\/\\\/wolff-kunststoffe.de\\\/en\\\/terms-and-conditions\\\/\",\"name\":\"Terms and conditions - Wolff Kunststoffe\",\"isPartOf\":{\"@id\":\"https:\\\/\\\/wolff-kunststoffe.de\\\/#website\"},\"datePublished\":\"2025-07-07T13:33:46+00:00\",\"dateModified\":\"2026-01-09T09:52:54+00:00\",\"breadcrumb\":{\"@id\":\"https:\\\/\\\/wolff-kunststoffe.de\\\/en\\\/terms-and-conditions\\\/#breadcrumb\"},\"inLanguage\":\"en-US\",\"potentialAction\":[{\"@type\":\"ReadAction\",\"target\":[\"https:\\\/\\\/wolff-kunststoffe.de\\\/en\\\/terms-and-conditions\\\/\"]}]},{\"@type\":\"BreadcrumbList\",\"@id\":\"https:\\\/\\\/wolff-kunststoffe.de\\\/en\\\/terms-and-conditions\\\/#breadcrumb\",\"itemListElement\":[{\"@type\":\"ListItem\",\"position\":1,\"name\":\"Start\",\"item\":\"https:\\\/\\\/wolff-kunststoffe.de\\\/\"},{\"@type\":\"ListItem\",\"position\":2,\"name\":\"Terms and conditions\"}]},{\"@type\":\"WebSite\",\"@id\":\"https:\\\/\\\/wolff-kunststoffe.de\\\/#website\",\"url\":\"https:\\\/\\\/wolff-kunststoffe.de\\\/\",\"name\":\"Wolff Kunststoffe\",\"description\":\"\",\"publisher\":{\"@id\":\"https:\\\/\\\/wolff-kunststoffe.de\\\/#organization\"},\"potentialAction\":[{\"@type\":\"SearchAction\",\"target\":{\"@type\":\"EntryPoint\",\"urlTemplate\":\"https:\\\/\\\/wolff-kunststoffe.de\\\/?s={search_term_string}\"},\"query-input\":{\"@type\":\"PropertyValueSpecification\",\"valueRequired\":true,\"valueName\":\"search_term_string\"}}],\"inLanguage\":\"en-US\"},{\"@type\":\"Organization\",\"@id\":\"https:\\\/\\\/wolff-kunststoffe.de\\\/#organization\",\"name\":\"Wolff Kunststoffe\",\"url\":\"https:\\\/\\\/wolff-kunststoffe.de\\\/\",\"logo\":{\"@type\":\"ImageObject\",\"inLanguage\":\"en-US\",\"@id\":\"https:\\\/\\\/wolff-kunststoffe.de\\\/#\\\/schema\\\/logo\\\/image\\\/\",\"url\":\"https:\\\/\\\/wolff-kunststoffe.de\\\/wp-content\\\/uploads\\\/2025\\\/06\\\/logo-small.png\",\"contentUrl\":\"https:\\\/\\\/wolff-kunststoffe.de\\\/wp-content\\\/uploads\\\/2025\\\/06\\\/logo-small.png\",\"width\":221,\"height\":56,\"caption\":\"Wolff Kunststoffe\"},\"image\":{\"@id\":\"https:\\\/\\\/wolff-kunststoffe.de\\\/#\\\/schema\\\/logo\\\/image\\\/\"}}]}<\/script>\n<!-- \/ Yoast SEO plugin. -->","yoast_head_json":{"title":"Terms and conditions - Wolff Kunststoffe","robots":{"index":"index","follow":"follow","max-snippet":"max-snippet:-1","max-image-preview":"max-image-preview:large","max-video-preview":"max-video-preview:-1"},"canonical":"https:\/\/wolff-kunststoffe.de\/en\/terms-and-conditions\/","og_locale":"en_US","og_type":"article","og_title":"Terms and conditions - Wolff Kunststoffe","og_description":"AGBAllgemeine Gesch\u00e4ftsbedingungen f\u00fcr den Verkauf der Firma Wolff-Kunststoffe GmbH ( Stand Dezember 2010 ) \u00a7 1 Geltungsbereich1. Diese Verkaufsbedingungen gelten ausschlie\u00dflich gegen\u00fcber Unternehmern, juristischen Personen des \u00d6ffentlichen Rechts \u00a0 oder \u00d6ffentlich-rechtlichen Sonderverm\u00f6gen im Sinne von \u00a7 310 Absatz 1 BGB. Entgegenstehende oder von unseren Ver kaufsbedingungen abweichende Bedingungen des Bestellers erkennen wir nur an, wenn [&hellip;]","og_url":"https:\/\/wolff-kunststoffe.de\/en\/terms-and-conditions\/","og_site_name":"Wolff Kunststoffe","article_modified_time":"2026-01-09T09:52:54+00:00","twitter_card":"summary_large_image","twitter_misc":{"Est. reading time":"17 minutes"},"schema":{"@context":"https:\/\/schema.org","@graph":[{"@type":"WebPage","@id":"https:\/\/wolff-kunststoffe.de\/en\/terms-and-conditions\/","url":"https:\/\/wolff-kunststoffe.de\/en\/terms-and-conditions\/","name":"Terms and conditions - Wolff Kunststoffe","isPartOf":{"@id":"https:\/\/wolff-kunststoffe.de\/#website"},"datePublished":"2025-07-07T13:33:46+00:00","dateModified":"2026-01-09T09:52:54+00:00","breadcrumb":{"@id":"https:\/\/wolff-kunststoffe.de\/en\/terms-and-conditions\/#breadcrumb"},"inLanguage":"en-US","potentialAction":[{"@type":"ReadAction","target":["https:\/\/wolff-kunststoffe.de\/en\/terms-and-conditions\/"]}]},{"@type":"BreadcrumbList","@id":"https:\/\/wolff-kunststoffe.de\/en\/terms-and-conditions\/#breadcrumb","itemListElement":[{"@type":"ListItem","position":1,"name":"Start","item":"https:\/\/wolff-kunststoffe.de\/"},{"@type":"ListItem","position":2,"name":"Terms and conditions"}]},{"@type":"WebSite","@id":"https:\/\/wolff-kunststoffe.de\/#website","url":"https:\/\/wolff-kunststoffe.de\/","name":"Wolff Kunststoffe","description":"","publisher":{"@id":"https:\/\/wolff-kunststoffe.de\/#organization"},"potentialAction":[{"@type":"SearchAction","target":{"@type":"EntryPoint","urlTemplate":"https:\/\/wolff-kunststoffe.de\/?s={search_term_string}"},"query-input":{"@type":"PropertyValueSpecification","valueRequired":true,"valueName":"search_term_string"}}],"inLanguage":"en-US"},{"@type":"Organization","@id":"https:\/\/wolff-kunststoffe.de\/#organization","name":"Wolff Kunststoffe","url":"https:\/\/wolff-kunststoffe.de\/","logo":{"@type":"ImageObject","inLanguage":"en-US","@id":"https:\/\/wolff-kunststoffe.de\/#\/schema\/logo\/image\/","url":"https:\/\/wolff-kunststoffe.de\/wp-content\/uploads\/2025\/06\/logo-small.png","contentUrl":"https:\/\/wolff-kunststoffe.de\/wp-content\/uploads\/2025\/06\/logo-small.png","width":221,"height":56,"caption":"Wolff Kunststoffe"},"image":{"@id":"https:\/\/wolff-kunststoffe.de\/#\/schema\/logo\/image\/"}}]}},"_links":{"self":[{"href":"https:\/\/wolff-kunststoffe.de\/en\/wp-json\/wp\/v2\/pages\/1931","targetHints":{"allow":["GET"]}}],"collection":[{"href":"https:\/\/wolff-kunststoffe.de\/en\/wp-json\/wp\/v2\/pages"}],"about":[{"href":"https:\/\/wolff-kunststoffe.de\/en\/wp-json\/wp\/v2\/types\/page"}],"author":[{"embeddable":true,"href":"https:\/\/wolff-kunststoffe.de\/en\/wp-json\/wp\/v2\/users\/1"}],"replies":[{"embeddable":true,"href":"https:\/\/wolff-kunststoffe.de\/en\/wp-json\/wp\/v2\/comments?post=1931"}],"version-history":[{"count":4,"href":"https:\/\/wolff-kunststoffe.de\/en\/wp-json\/wp\/v2\/pages\/1931\/revisions"}],"predecessor-version":[{"id":2194,"href":"https:\/\/wolff-kunststoffe.de\/en\/wp-json\/wp\/v2\/pages\/1931\/revisions\/2194"}],"wp:attachment":[{"href":"https:\/\/wolff-kunststoffe.de\/en\/wp-json\/wp\/v2\/media?parent=1931"}],"curies":[{"name":"wp","href":"https:\/\/api.w.org\/{rel}","templated":true}]}}